{"id":10,"date":"2025-07-24T20:36:09","date_gmt":"2025-07-24T23:36:09","guid":{"rendered":"https:\/\/sites.niteroi.rj.gov.br\/mercocidades\/?page_id=10"},"modified":"2025-12-09T11:42:09","modified_gmt":"2025-12-09T14:42:09","slug":"home","status":"publish","type":"page","link":"https:\/\/sites.niteroi.rj.gov.br\/mercocidades\/","title":{"rendered":"Home"},"content":{"rendered":"<p>[et_pb_section fb_built=&#8221;1&#8243; _builder_version=&#8221;4.24.3&#8243; _module_preset=&#8221;default&#8221; background_color=&#8221;#0B5FA6&#8243; custom_padding=&#8221;0px||0px||true|false&#8221; global_colors_info=&#8221;{}&#8221;][et_pb_row column_structure=&#8221;2_5,3_5&#8243; use_custom_gutter=&#8221;on&#8221; gutter_width=&#8221;1&#8243; make_equal=&#8221;on&#8221; _builder_version=&#8221;4.24.3&#8243; _module_preset=&#8221;default&#8221; width=&#8221;100%&#8221; max_width=&#8221;2560px&#8221; custom_padding=&#8221;0px||0px||true|false&#8221; global_colors_info=&#8221;{}&#8221;][et_pb_column type=&#8221;2_5&#8243; _builder_version=&#8221;4.24.3&#8243; _module_preset=&#8221;default&#8221; custom_padding=&#8221;6%|5%|6%|5%|true|true&#8221; custom_padding_tablet=&#8221;6%|5%|6%|5%|true|true&#8221; custom_padding_phone=&#8221;10%|10%|10%|10%|true|true&#8221; custom_padding_last_edited=&#8221;on|phone&#8221; global_colors_info=&#8221;{}&#8221;][et_pb_text _builder_version=&#8221;4.24.3&#8243; _module_preset=&#8221;default&#8221; header_font=&#8221;Montserrat|800|||||||&#8221; header_text_color=&#8221;#FFFFFF&#8221; header_font_size=&#8221;3em&#8221; header_2_font=&#8221;|300|||||||&#8221; header_2_text_color=&#8221;#FFFFFF&#8221; header_2_line_height=&#8221;1.3em&#8221; header_font_size_tablet=&#8221;4em&#8221; header_font_size_phone=&#8221;2.2em&#8221; header_font_size_last_edited=&#8221;on|phone&#8221; global_colors_info=&#8221;{}&#8221;]<\/p>\n<h1>XXX C\u00fapula de Mercocidades<\/h1>\n<p>[\/et_pb_text][et_pb_text _builder_version=&#8221;4.24.3&#8243; _module_preset=&#8221;default&#8221; header_font=&#8221;Montserrat|800|||||||&#8221; header_text_color=&#8221;#FFFFFF&#8221; header_font_size=&#8221;3em&#8221; header_2_font=&#8221;|300|||||||&#8221; header_2_text_color=&#8221;#FFFFFF&#8221; header_2_font_size=&#8221;20px&#8221; header_2_line_height=&#8221;1.5em&#8221; hover_enabled=&#8221;0&#8243; header_text_shadow_style=&#8221;preset3&#8243; global_colors_info=&#8221;{}&#8221; sticky_enabled=&#8221;0&#8243;]<\/p>\n<h2>Em dezembro, centenas de gestores da Am\u00e9rica do Sul e da Am\u00e9rica Latina se reuniram em Niter\u00f3i, no Rio de Janeiro, Brasil, para debater <strong style=\"font-size: 1.4em;\">\u201cCaminhos para Cidades Resilientes, Pac\u00edficas e Sustent\u00e1veis\u201d<\/strong><\/h2>\n<p>[\/et_pb_text][\/et_pb_column][et_pb_column type=&#8221;3_5&#8243; _builder_version=&#8221;4.24.3&#8243; _module_preset=&#8221;default&#8221; custom_padding_tablet=&#8221;&#8221; custom_padding_phone=&#8221;&#8221; custom_padding_last_edited=&#8221;on|phone&#8221; global_colors_info=&#8221;{}&#8221;][et_pb_slider _builder_version=&#8221;4.24.3&#8243; _module_preset=&#8221;default&#8221; custom_padding=&#8221;30%||30%||true|false&#8221; auto=&#8221;on&#8221; auto_speed=&#8221;5000&#8243; global_colors_info=&#8221;{}&#8221;][et_pb_slide _builder_version=&#8221;4.24.3&#8243; _module_preset=&#8221;default&#8221; background_image=&#8221;https:\/\/sites.niteroi.rj.gov.br\/mercocidades\/wp-content\/uploads\/2025\/08\/bg2.jpg&#8221; background_enable_image=&#8221;on&#8221; hover_enabled=&#8221;0&#8243; global_colors_info=&#8221;{}&#8221; content__hover_enabled=&#8221;off|desktop&#8221; sticky_transition=&#8221;on&#8221; sticky_enabled=&#8221;0&#8243;][\/et_pb_slide][et_pb_slide _builder_version=&#8221;4.24.3&#8243; _module_preset=&#8221;default&#8221; background_image=&#8221;https:\/\/sites.niteroi.rj.gov.br\/mercocidades\/wp-content\/uploads\/2025\/08\/bg1.jpg&#8221; background_enable_image=&#8221;on&#8221; global_colors_info=&#8221;{}&#8221; content__hover_enabled=&#8221;off|desktop&#8221; sticky_transition=&#8221;on&#8221;][\/et_pb_slide][et_pb_slide _builder_version=&#8221;4.24.3&#8243; _module_preset=&#8221;default&#8221; background_image=&#8221;https:\/\/sites.niteroi.rj.gov.br\/mercocidades\/wp-content\/uploads\/2025\/08\/bg3.jpg&#8221; background_enable_image=&#8221;on&#8221; global_colors_info=&#8221;{}&#8221; content__hover_enabled=&#8221;off|desktop&#8221; sticky_transition=&#8221;on&#8221;][\/et_pb_slide][et_pb_slide _builder_version=&#8221;4.24.3&#8243; _module_preset=&#8221;default&#8221; background_image=&#8221;https:\/\/sites.niteroi.rj.gov.br\/mercocidades\/wp-content\/uploads\/2025\/08\/bg4.jpg&#8221; background_enable_image=&#8221;on&#8221; global_colors_info=&#8221;{}&#8221; content__hover_enabled=&#8221;off|desktop&#8221; sticky_transition=&#8221;on&#8221;][\/et_pb_slide][et_pb_slide _builder_version=&#8221;4.24.3&#8243; _module_preset=&#8221;default&#8221; background_image=&#8221;https:\/\/sites.niteroi.rj.gov.br\/mercocidades\/wp-content\/uploads\/2025\/08\/bg5.jpg&#8221; background_enable_image=&#8221;on&#8221; global_colors_info=&#8221;{}&#8221; content__hover_enabled=&#8221;off|desktop&#8221; sticky_transition=&#8221;on&#8221;][\/et_pb_slide][\/et_pb_slider][\/et_pb_column][\/et_pb_row][\/et_pb_section][et_pb_section fb_built=&#8221;1&#8243; _builder_version=&#8221;4.24.3&#8243; _module_preset=&#8221;default&#8221; background_color=&#8221;rgba(0,0,0,0.05)&#8221; custom_padding=&#8221;0px||||false|false&#8221; global_colors_info=&#8221;{}&#8221;][et_pb_row _builder_version=&#8221;4.24.3&#8243; _module_preset=&#8221;default&#8221; width=&#8221;90%&#8221; custom_padding=&#8221;0px||0px||false|false&#8221; global_colors_info=&#8221;{}&#8221;][et_pb_column type=&#8221;4_4&#8243; _builder_version=&#8221;4.24.3&#8243; _module_preset=&#8221;default&#8221; global_colors_info=&#8221;{}&#8221;][et_pb_button button_url=&#8221;https:\/\/sites.niteroi.rj.gov.br\/mercocidades\/wp-content\/uploads\/2025\/12\/Ultima-04_12-13_50-DECLARACION-DE-NITEROI-XXX-CUMBRE-DE-MERCOCIUDADES_v02.pdf.pdf&#8221; url_new_window=&#8221;on&#8221; button_text=&#8221;DECLARA\u00c7\u00c3O DE NITER\u00d3I XXX CUP\u00daLA DE MERCOCIDADES&#8221; button_alignment=&#8221;center&#8221; _builder_version=&#8221;4.24.3&#8243; _module_preset=&#8221;default&#8221; custom_button=&#8221;on&#8221; button_text_color=&#8221;#FFFFFF&#8221; button_bg_color=&#8221;#B50074&#8243; button_border_width=&#8221;0px&#8221; button_font=&#8221;|700|||||||&#8221; custom_margin=&#8221;50px||50px||true|false&#8221; global_colors_info=&#8221;{}&#8221;][\/et_pb_button][et_pb_video src=&#8221;https:\/\/sites.niteroi.rj.gov.br\/mercocidades\/1_NITEROI_videomercocidades_-Espanol.mp4&#8243; image_src=&#8221;https:\/\/sites.niteroi.rj.gov.br\/mercocidades\/wp-content\/uploads\/2025\/08\/merco-thb.jpg&#8221; _builder_version=&#8221;4.24.3&#8243; _module_preset=&#8221;default&#8221; custom_margin=&#8221;-30px||0px||false|false&#8221; custom_padding=&#8221;||0px||false|false&#8221; border_radii=&#8221;on|10px|10px|10px|10px&#8221; box_shadow_style=&#8221;preset1&#8243; global_colors_info=&#8221;{}&#8221;][\/et_pb_video][\/et_pb_column][\/et_pb_row][\/et_pb_section][et_pb_section fb_built=&#8221;1&#8243; _builder_version=&#8221;4.24.3&#8243; _module_preset=&#8221;default&#8221; global_colors_info=&#8221;{}&#8221;][et_pb_row _builder_version=&#8221;4.24.3&#8243; _module_preset=&#8221;default&#8221; global_colors_info=&#8221;{}&#8221;][et_pb_column type=&#8221;4_4&#8243; _builder_version=&#8221;4.24.3&#8243; _module_preset=&#8221;default&#8221; global_colors_info=&#8221;{}&#8221;][et_pb_image src=&#8221;https:\/\/sites.niteroi.rj.gov.br\/mercocidades\/wp-content\/uploads\/2025\/07\/favicon.png&#8221; title_text=&#8221;favicon&#8221; align=&#8221;center&#8221; _builder_version=&#8221;4.24.3&#8243; _module_preset=&#8221;default&#8221; width=&#8221;60px&#8221; width_tablet=&#8221;60px&#8221; width_phone=&#8221;60px&#8221; width_last_edited=&#8221;on|phone&#8221; global_colors_info=&#8221;{}&#8221;][\/et_pb_image][\/et_pb_column][\/et_pb_row][et_pb_row _builder_version=&#8221;4.24.3&#8243; _module_preset=&#8221;default&#8221; locked=&#8221;off&#8221; global_colors_info=&#8221;{}&#8221;][et_pb_column type=&#8221;4_4&#8243; _builder_version=&#8221;4.24.3&#8243; _module_preset=&#8221;default&#8221; global_colors_info=&#8221;{}&#8221;][et_pb_text _builder_version=&#8221;4.24.3&#8243; _module_preset=&#8221;default&#8221; text_text_color=&#8221;#003E8B&#8221; header_font_size=&#8221;24px&#8221; text_orientation=&#8221;center&#8221; global_colors_info=&#8221;{}&#8221;]<\/p>\n<h1><strong>Programa\u00e7\u00e3o por dia<\/strong><\/h1>\n<p>[\/et_pb_text][et_pb_accordion _builder_version=&#8221;4.24.3&#8243; _module_preset=&#8221;default&#8221; global_colors_info=&#8221;{}&#8221;][et_pb_accordion_item title=&#8221;Seu t\u00edtulo vai aqui&#8221; _builder_version=&#8221;4.24.3&#8243; _module_preset=&#8221;default&#8221; custom_css_main_element=&#8221;display:none;&#8221; global_colors_info=&#8221;{}&#8221; open=&#8221;on&#8221;]<\/p>\n<p>Your content goes here. Edit or remove this text inline or in the module Content settings. You can also style every aspect of this content in the module Design settings and even apply custom CSS to this text in the module Advanced settings.<\/p>\n<p>[\/et_pb_accordion_item][et_pb_accordion_item title=&#8221;01 de dezembro, segunda-feira&#8221; _builder_version=&#8221;4.24.3&#8243; _module_preset=&#8221;default&#8221; custom_margin=&#8221;||10px||false|false&#8221; global_colors_info=&#8221;{}&#8221; toggle_text_color=&#8221;#E1B202&#8243; toggle_level=&#8221;h3&#8243; toggle_font_size=&#8221;20px&#8221; open=&#8221;off&#8221;]<\/p>\n<p><strong>Hora: 10h30 &#8211; 12h<\/strong><\/p>\n<h3><strong>Cerim\u00f4nia de Abertura do XX F\u00f3rum Universit\u00e1rio Mercosul<\/strong><\/h3>\n<p><span style=\"color: #ffcc00;\"><strong>XX FoMerco<\/strong><\/span><\/p>\n<ul>\n<li>Rodrigo Neves, Prefeito de Niter\u00f3i<\/li>\n<li>Antonio Cl\u00e1udio da N\u00f3brega, Reitor da Universidade Federal Fluminense<\/li>\n<li>Filipe Reis, Presidente do Forum Universit\u00e1rio Mercosul<\/li>\n<\/ul>\n<p>Conferencista: Francisco Denes Pereira, Secret\u00e1rio de Rela\u00e7\u00f5es Institucionais e Comunica\u00e7\u00e3o Social do Parlasul<\/p>\n<p><strong>Local: Sala Nelson Pereira dos Santos (Reserva Cultural)<\/strong><br \/><strong>Aberto ao p\u00fablico<\/strong><\/p>\n<hr \/>\n<p><strong>Hora: 18h &#8211; 19h30<\/strong><\/p>\n<h3><strong>Confer\u00eancia FoMerco: A atua\u00e7\u00e3o das comunidades e dos movimentos sociais na constru\u00e7\u00e3o de sociedades latino-americanas mais justas e democr\u00e1ticas<\/strong><\/h3>\n<p><span style=\"color: #ffcc00;\"><strong>XX FoMerco<\/strong><\/span><\/p>\n<p>Painelistas:<\/p>\n<ul>\n<li>Katia Ribeiro, Professora da Faculdade de Servi\u00e7o Social (UFF)<\/li>\n<li>Octavio Ribeiro, Secret\u00e1rio de Participa\u00e7\u00e3o Popular de Niter\u00f3i<\/li>\n<li>Rafael Bautista Segales, Fil\u00f3sofo, epistem\u00f3logo e escritor boliviano<\/li>\n<\/ul>\n<p><strong>Local: Teatro Popular <\/strong><br \/><strong>Aberto ao p\u00fablico<\/strong><\/p>\n<hr \/>\n<p><strong>Hora: 19h30 &#8211; 20h30<\/strong><\/p>\n<h3><strong>Confer\u00eancia FoMerco: As amea\u00e7as e as oportunidades para a democracia contempor\u00e2nea no contexto urbano latino-americano<\/strong><\/h3>\n<p><span style=\"color: #ffcc00;\"><strong>XX FoMerco<\/strong><\/span><\/p>\n<p>Keynote Speaker: Ariel Goldstein, CONICET\/Buenos Aires<\/p>\n<hr \/>\n<p><strong>Hora: 19h30 &#8211; 20h<\/strong><\/p>\n<h3><strong>Lan\u00e7amento de livros<\/strong><\/h3>\n<p><span style=\"color: #ffcc00;\"><strong>XX FoMerco<\/strong><\/span><\/p>\n<p><strong>Local: \u00c1rea Externa do Teatro Popular <\/strong><br \/><strong>Aberto ao p\u00fablico<\/strong><\/p>\n<hr \/>\n<p><strong>Hora: 20h30 &#8211; 22h<\/strong><\/p>\n<h3><strong>Programa\u00e7\u00e3o cultural: Grupo Songoro Cosongo<\/strong><\/h3>\n<p><strong>Local: \u00c1rea Externa do Teatro Popular <\/strong><br \/><strong>Aberto ao p\u00fablico<\/strong><\/p>\n<p>[\/et_pb_accordion_item][et_pb_accordion_item title=&#8221;02 de dezembro, ter\u00e7a-feira&#8221; _builder_version=&#8221;4.24.3&#8243; _module_preset=&#8221;default&#8221; custom_margin=&#8221;||10px||false|false&#8221; global_colors_info=&#8221;{}&#8221; toggle_text_color=&#8221;#E1B202&#8243; toggle_level=&#8221;h3&#8243; toggle_font_size=&#8221;20px&#8221; open=&#8221;off&#8221;]<\/p>\n<p><strong>Hora: 9h &#8211; 9h30<\/strong><\/p>\n<h3><strong>Credenciamento<\/strong><\/h3>\n<p><strong>Local: Balc\u00e3o de credenciamento<\/strong><\/p>\n<hr \/>\n<p><strong>Hora: 9h30 &#8211; 10h40<\/strong><\/p>\n<h3><strong>Abertura do F\u00f3rum de Seguran\u00e7a P\u00fablica em Perspectivas Transversais: Caminhos para cidades resilientes, pac\u00edficas e sustent\u00e1vevis<br \/><\/strong><\/h3>\n<p><span style=\"color: #993366;\"><strong>F\u00f3rum de Seguran\u00e7a P\u00fablica em Perspectivas Transversais<\/strong><\/span><\/p>\n<ul>\n<li>Rodrigo Neves, Prefeito de Niter\u00f3i<\/li>\n<li>Antonio Claudio da N\u00f3brega, Reitor da Universidade Federal Fluminense<\/li>\n<li>Eduardo Vergara, Chefe da Divis\u00e3o de Seguran\u00e7a Cidad\u00e3 para Am\u00e9rica Latina e Caribe do BID<\/li>\n<li>Hugo Acero Vel\u00e1squez, Ex-Secret\u00e1rio de Seguran\u00e7a de Bogot\u00e1<\/li>\n<li>Andressa Caldas, Diretora Executiva do Instituto de Pol\u00edticas P\u00fablicas de Direitos Humanos do Mercosul<\/li>\n<li>Victor Santos, Secretario Estadual de Seguran\u00e7a P\u00fablica do Rio de Janeiro<\/li>\n<\/ul>\n<p><strong>Local: Teatro Popular <\/strong><br \/><strong>Aberto ao p\u00fablico<\/strong><\/p>\n<hr \/>\n<p><strong>Hora: 11h &#8211; 12h10<\/strong><\/p>\n<h3><strong>Mesa 1: Construindo cidades seguras: cases de sucesso da Am\u00e9rica Latina<\/strong><\/h3>\n<p><strong><span style=\"color: #993366;\">F\u00f3rum de Seguran\u00e7a P\u00fablica em Perspectivas Transversais<\/span><\/strong><\/p>\n<p>Modera\u00e7\u00e3o: Alberto Kopittke, Diretor Executivo do Instituto Cidade Segura<\/p>\n<p>Keynote speaker: Eduardo Vergara, Chefe da Divis\u00e3o de Seguran\u00e7a Cidad\u00e3 para Am\u00e9rica Latina e Caribe do BID<\/p>\n<p>Painelistas:<\/p>\n<ul>\n<li>Gilson Chagas, Secret\u00e1rio de Ordem P\u00fablica de Niter\u00f3i<\/li>\n<li>Lu\u00edsa Portugal, Gerente de Projetos do Centro de Coopera\u00e7\u00e3o Internacional da Universidade de Nova York e Rede Peace in Our Cities<\/li>\n<li>Hugo Acero Vel\u00e1squez, Ex-Secret\u00e1rio de Seguran\u00e7a de Bogot\u00e1<\/li>\n<li>Diego Costarelli, Prefeito de Godoy Cruz<\/li>\n<\/ul>\n<p><strong>Local: Teatro Popular <\/strong><br \/><strong>Aberto ao p\u00fablico<\/strong><\/p>\n<hr \/>\n<p><strong>Hora: 14h &#8211; 15h10<\/strong><\/p>\n<h3><strong>Mesa 2: Balan\u00e7o da COP30: o papel das cidades na agenda clim\u00e1tica<\/strong><\/h3>\n<p><strong><span style=\"color: #993366;\">F\u00f3rum de Seguran\u00e7a P\u00fablica em Perspectivas Transversais<\/span><\/strong><\/p>\n<p>Modera\u00e7\u00e3o: Isabel Swan, Vice-Prefeita e Secret\u00e1ria de Clima, Defesa Civil e Resili\u00eancia de Niter\u00f3i<br \/>Keynote speaker: Rodrigo Perp\u00e9tuo, Secret\u00e1rio Executivo do Iclei Am\u00e9rica do Sul<\/p>\n<p>Painelistas:<\/p>\n<ul>\n<li>Axel Grael, Ex-Prefeito de Niter\u00f3i e Consultor Especial para Temas Ambientais e Clim\u00e1ticos<\/li>\n<li>Andrea Paoloni, Diretora Geral de A\u00e7\u00e3o Clim\u00e1tica e Gest\u00e3o Ambiental de Ros\u00e1rio<\/li>\n<li>Pedro Silva Barros, Pesquisador do Instituo de Pesquisa Econ\u00f4mica Aplicada (IPEA)<\/li>\n<\/ul>\n<p><strong>Local: Teatro Popular <\/strong><br \/><strong>Aberto ao p\u00fablico<\/strong><\/p>\n<hr \/>\n<p><strong>Hora: 15h20 &#8211; 16h30<\/strong><\/p>\n<h3><strong>Mesa 3: Construindo cidades cuidadoras atrav\u00e9s da perspectiva de g\u00eanero<\/strong><\/h3>\n<p><strong><span style=\"color: #993366;\">F\u00f3rum de Seguran\u00e7a P\u00fablica em Perspectivas Transversais<\/span><\/strong><\/p>\n<p>Modera\u00e7\u00e3o: Thaiana Ivia, Secret\u00e1ria de Mulheres de Niter\u00f3i<br \/>Keynote speaker: Laura Perez, Diretora do Setor de Cuidados da ONU Mulheres<\/p>\n<p>Painelistas:<\/p>\n<ul>\n<li>Fernanda Sixel, Coordenadora de Pol\u00edticas Transversais de Direitos e Cuidados de Niter\u00f3i<\/li>\n<li>Simone de Souza Pegoreti, Diretora de Pol\u00edticas de Cuidados de Belo Horizonte<\/li>\n<li>Mariela Couto, Assessora T\u00e9cnica da Secretaria T\u00e9cnica Permanente do Mercocidades<\/li>\n<li>Glauce Medeiros, Secret\u00e1ria da Mulher de Recife<\/li>\n<\/ul>\n<p><strong>Local: Teatro Popular <\/strong><br \/><strong>Aberto ao p\u00fablico<\/strong><\/p>\n<hr \/>\n<p><strong>Hora: 16h20 &#8211; 19h30<\/strong><\/p>\n<h3><strong>Lan\u00e7amento do Projeto\u201d Conex\u00e3o Urbana &#8211; Gest\u00e3o, Inclus\u00e3o e Desenvolvimento que Transformam Cidades\u201d e Coquetel<\/strong><\/h3>\n<p><span style=\"color: #3366ff;\"><strong>Conex\u00e3o Urbana: Projeto FNP-Sebrae<\/strong><\/span><\/p>\n<p><strong>Memorial Roberto Silveira<\/strong><br \/><strong>Para convidados do Projeto FNP-Sebrae<\/strong><\/p>\n<hr \/>\n<p><strong>Hora: 15h20 &#8211; 16h30<\/strong><\/p>\n<h3><strong>Mesa 4: Cultura e esporte como instrumentos de pacifica\u00e7\u00e3o<\/strong><\/h3>\n<p><strong><span style=\"color: #993366;\">F\u00f3rum de Seguran\u00e7a P\u00fablica em Perspectivas Transversais<\/span><\/strong><\/p>\n<p>F\u00f3rum de Seguran\u00e7a P\u00fablica em Perspectivas Transversais<\/p>\n<p>Modera\u00e7\u00e3o: Jo\u00e3o Pontes, Diretor da Pol\u00edtica Nacional de Cultura Viva do Minist\u00e9rio das Culturas<br \/>Keynote speaker: Flor Minci, Secret\u00e1ria T\u00e9cnica da Rede IberCultura Viva<\/p>\n<p>Painelistas:<\/p>\n<ul>\n<li>Isabel Swan, Vice-Prefeita e Secret\u00e1ria de Clima, Defesa Civil e Resili\u00eancia de Niter\u00f3i<\/li>\n<li>Guilherme Lopes, Diretor do N\u00facleo de Editais da Secretaria Municipal das Culturas de Niter\u00f3i<\/li>\n<li>Joaqu\u00edn Desmery, Secret\u00e1rio de Educa\u00e7\u00e3o, Culturas e Esportes de Quilmes<\/li>\n<li>Sergio Tavares, Mestre em Motricidade Humana e Docente na UCB<\/li>\n<\/ul>\n<p><strong>Local: Teatro Popular <\/strong><br \/><strong>Aberto ao p\u00fablico<\/strong><\/p>\n<hr \/>\n<p><strong>Hora: 18h30 &#8211; 19h30<\/strong><\/p>\n<h3><strong>Confer\u00eancia FoMerco: O papel das cidades na integra\u00e7\u00e3o latino-americana: desafios comuns e promo\u00e7\u00e3o do desenvolvimento sustent\u00e1vel no Mercosul e na Am\u00e9rica Latina<\/strong><\/h3>\n<p><span style=\"color: #ffcc00;\">XX FoMerco<\/span><\/p>\n<p>Keynote speaker: A confirmar.<\/p>\n<p><strong>Local: Teatro Popular <\/strong><br \/><strong>Aberto ao p\u00fablico<\/strong><\/p>\n<hr \/>\n<p><strong>Hora: 19h30 &#8211; 21h<\/strong><\/p>\n<h3><strong>Abertura do II Semin\u00e1rio Internacional Cultura e Democracia e Palestra com Paulinho Moska: Abra\u00e7o Latino Americano pelos Direitos Culturais<\/strong><\/h3>\n<p><span style=\"color: #008000;\"><strong>II Semin\u00e1rio Internacional de Cultura e Democracia<\/strong><\/span><\/p>\n<p><strong>Local: Teatro Popular <\/strong><br \/><strong>Aberto ao p\u00fablico<\/strong><\/p>\n<hr \/>\n<p><strong>Hora: 20h30 &#8211; 22h<\/strong><\/p>\n<h3><strong>Programa\u00e7\u00e3o cultural: Grupo Songoro Cosongo <\/strong><\/h3>\n<p><strong>Local: \u00c1rea externa do Teatro Popular <\/strong><br \/><strong>Aberto ao p\u00fablico<\/strong><\/p>\n<p>[\/et_pb_accordion_item][et_pb_accordion_item title=&#8221;03 de dezembro, quarta-feira&#8221; _builder_version=&#8221;4.24.3&#8243; _module_preset=&#8221;default&#8221; custom_margin=&#8221;||10px||false|false&#8221; global_colors_info=&#8221;{}&#8221; toggle_text_color=&#8221;#E1B202&#8243; toggle_level=&#8221;h3&#8243; toggle_font_size=&#8221;20px&#8221; open=&#8221;off&#8221;]<\/p>\n<p><strong>Hora: 8h<\/strong><\/p>\n<h3><strong>Credenciamento<\/strong><\/h3>\n<p><strong>Local: Balc\u00e3o de credenciamento<\/strong><\/p>\n<hr \/>\n<p><strong>Hora: 9h &#8211; 10h<\/strong><\/p>\n<h3><strong>Confer\u00eancia Fomerco: Universidades, cidades e Governan\u00e7a de IA Multin\u00edvel<\/strong><\/h3>\n<p><span style=\"color: #ffcc00;\"><strong>XX FoMerco<\/strong><\/span><\/p>\n<ul>\n<li>Juliana Benicio &#8211; Secret\u00e1ria Municipal de Ci\u00eancia e Tecnologia de Niter\u00f3i<\/li>\n<li>Celio Oliveira &#8211; Diretor Executivo de Ci\u00eancia de Dados e An\u00e1lise Avan\u00e7ada no governo federal canadense<\/li>\n<\/ul>\n<p><strong>Local: Teatro Popular <\/strong><br \/><strong>Aberto ao p\u00fablico<\/strong><\/p>\n<hr \/>\n<p><strong>Hora: 9h &#8211; 11h<\/strong><\/p>\n<h3><strong>Reuni\u00f5es das Unidades Tem\u00e1ticas (Bloco 1)<\/strong><\/h3>\n<p><strong>Local: Tenda Mercocidades <\/strong><\/p>\n<hr \/>\n<p><strong>Hora: 9h &#8211; 12h<\/strong><\/p>\n<h3>Semin\u00e1rio Tem\u00e1tico: Eixo Tem\u00e1tico II &#8211; Desenvolvimento Econ\u00f4mico e<br \/>Inclus\u00e3o Produtiva<\/h3>\n<p><span style=\"color: #3366ff;\"><strong>Conex\u00e3o Urbana: Projeto FNP-Sebrae<\/strong><\/span><\/p>\n<p><strong>Local: Memorial Roberto Silveira<br \/>Para convidados do Projeto FNP-Sebrae<\/strong><\/p>\n<hr \/>\n<p><strong>Hora: 10h &#8211; 12h<\/strong><\/p>\n<h3>Conferencia FoMerco: Integra\u00e7\u00e3o educacional no Mercosul, balan\u00e7os e desafios<\/h3>\n<p><span style=\"color: #ffcc00;\"><strong>XX FoMerco<\/strong><\/span><\/p>\n<ul>\n<li>Gustavo Brechesi Servilha, Coordenador de Integra\u00e7\u00e3o Regional e L\u00edngua Portuguesa e Assessor de Assuntos Internacionais do Minist\u00e9rio da Educa\u00e7\u00e3o e Representante brasileiro no Mercosul Educacional<\/li>\n<li>Estela M. Miranda, Professora Em\u00e9rita da Universidade Nacional de C\u00f3rdoba e coordenadora do N\u00facleo de Estudos e Pesquisas em Educa\u00e7\u00e3o superior do Mercosul &#8211; NEIES<\/li>\n<li>Fernanda Cristina Santana Dusse, Assessora Internacional da SETEC\/MEC e representante brasileira no Mercosul Educacional<\/li>\n<li>Victoria Faroppa &#8211; Directora de Relaciones Internacionales y Cooperaci\u00f3n (ANEP-CODICEN) e Representante uruguaia no Mercosul Educacional<\/li>\n<\/ul>\n<p><strong>Local: Teatro Popular <\/strong><br \/><strong>Aberto ao p\u00fablico<\/strong><\/p>\n<hr \/>\n<p><strong>Hora: 12h &#8211; 13h<\/strong><\/p>\n<h3>Encerramento do XX F\u00f3rum Universit\u00e1rio Mercosul<\/h3>\n<p><span style=\"color: #ffcc00;\"><strong>XX FoMerco<\/strong><\/span><\/p>\n<p>Keynote speaker: Luiz Feldman, Assessor do Ministro das Rela\u00e7\u00f5es Exteriores do Brasil<\/p>\n<p><strong>Local: Teatro Popular<\/strong><br \/><strong>Aberto ao p\u00fablico<\/strong><\/p>\n<hr \/>\n<p><strong>Hora: 14h &#8211; 15h<\/strong><\/p>\n<h3>Abertura Solene dos Di\u00e1logos FNP-Mercocidades<\/h3>\n<p><span style=\"color: #3366ff;\"><strong>Di\u00e1logos FNP-Mercocidades<\/strong><\/span><\/p>\n<ul>\n<li>Rodrigo Neves, Prefeito de Niter\u00f3i e Vice-Presidente de Rela\u00e7\u00f5es Internacionais da FNP<\/li>\n<li>Eduardo Paes, Prefeito do Rio de Janeiro e Presidente da FNP<\/li>\n<li>Margarida Salom\u00e3o, Prefeita de Juiz de Fora e Secret\u00e1ria-Geral da FNP<\/li>\n<li>Fernando Gray, Intendente de Esteban Echeverr\u00eda e Presidente de Mercocidades<\/li>\n<li>Cristina Kiomi Mori, Secret\u00e1ria Executiva do Minist\u00e9rio da Gest\u00e3o e da Inova\u00e7\u00e3o em Servi\u00e7os P\u00fablicos<\/li>\n<\/ul>\n<p><strong>Local: Teatro Popular <\/strong><br \/><strong>Aberto ao p\u00fablico<\/strong><\/p>\n<hr \/>\n<p><strong>Hora: 14h &#8211; 16h<\/strong><\/p>\n<h3>Reuni\u00f5es das Unidades Tem\u00e1ticas (Bloco 2)<\/h3>\n<p><strong>Local: Tenda Mercocidades<\/strong><\/p>\n<hr \/>\n<p><strong>Hora: 14h &#8211; 17h<\/strong><\/p>\n<h3>Semin\u00e1rio Tem\u00e1tico: Eixo Tem\u00e1tico I &#8211; Desenvolvimento Urbano e Constru\u00e7\u00e3o<br \/>Civil<\/h3>\n<p><span style=\"color: #3366ff;\"><strong>Conex\u00e3o Urbana: Projeto FNP-Sebrae<\/strong><\/span><\/p>\n<p><strong>Memorial Roberto Silveira<\/strong><br \/><strong>Para convidados do Projeto FNP-Sebrae<\/strong><\/p>\n<hr \/>\n<p><strong>Hora: 15h &#8211; 16h<\/strong><\/p>\n<h3>P\u00f3s COP30: desafios e perspectivas das agendas clim\u00e1ticas municipais<\/h3>\n<p><span style=\"color: #3366ff;\"><strong>Di\u00e1logos FNP-Mercocidades<\/strong><\/span><\/p>\n<p>Modera\u00e7\u00e3o: Gilberto Perre, Secret\u00e1rio Executivo da FNP<\/p>\n<p>Painelistas:<\/p>\n<ul>\n<li>Rodrigo Neves, Prefeito de Niter\u00f3i e Vice-Presidente de Rela\u00e7\u00f5es Internacionais da FNP<\/li>\n<li>J\u00falio Pinheiro dos Santos J\u00fanior, Secret\u00e1rio Especial de Assuntos Fededrativos<\/li>\n<li>Francineti Carvalho, Prefeita de Abaetetuba e Vice-presidente de Biodiversidade da Comiss\u00e3o de Cidades Amaz\u00f4nicas da FNP<\/li>\n<li>Axel Grael, Ex-Prefeito de Niter\u00f3i e Consultor Especial para Temas Ambientais e Clim\u00e1ticos<\/li>\n<li>Francisco Legnani, Intendente de Canelones<\/li>\n<\/ul>\n<p><strong>Local: Teatro Popular <\/strong><br \/><strong>Aberto ao p\u00fablico<\/strong><strong><\/strong><\/p>\n<hr \/>\n<p><strong>Hora: 16h &#8211; 17h<\/strong><\/p>\n<h3>Projetos e iniciativas em inova\u00e7\u00e3o: o olhar dos munic\u00edpios<\/h3>\n<p><span style=\"color: #3366ff;\"><strong>Di\u00e1logos FNP-Mercocidades<\/strong><\/span><\/p>\n<p>Modera\u00e7\u00e3o: Isadora Modesto, Secret\u00e1ria de Planejtamento da Prefeitura de Niter\u00f3i<\/p>\n<p>Painelistas:<\/p>\n<ul>\n<li>Cristina Kiomi Mori, Secret\u00e1ria Executiva do Minist\u00e9rio da Gest\u00e3o e da Inova\u00e7\u00e3o em Servi\u00e7os P\u00fablicos<\/li>\n<li>Gilvan Ferreira, Prefeito de Santo Andr\u00e9 e Vice-Presidente de Precat\u00f3rios da FNP<\/li>\n<li>Andrei Gon\u00e7alves, Prefeito de Juazeiro<\/li>\n<li>Claudio Ferretti, Prefeito de Angra dos Reis e Vice Presidente de PPPs e Concess\u00f5es da FNP<\/li>\n<li>Alexandre Augusto Ferreira, Prefeito de Franca<\/li>\n<\/ul>\n<p><strong>Local: Teatro Popular <\/strong><br \/><strong>Aberto ao p\u00fablico<\/strong><strong><\/strong><\/p>\n<hr \/>\n<p><strong>Hora: 16h30 &#8211; 19h<\/strong><\/p>\n<h3>Reuni\u00e3o da Dire\u00e7\u00e3o Executiva do Mercocidades<\/h3>\n<p>Somente com convite<\/p>\n<p><strong>Tenda Mercocidades<\/strong><strong><\/strong><\/p>\n<hr \/>\n<p><strong>Hora: 16h30 &#8211; 19h<\/strong><\/p>\n<h3>Visitas t\u00e9cnicas (Rota 1 &#8211; Cidades Pac\u00edficas)<strong><\/strong><\/h3>\n<p>[\/et_pb_accordion_item][et_pb_accordion_item title=&#8221;04 de dezembro, quinta-feira&#8221; _builder_version=&#8221;4.24.3&#8243; _module_preset=&#8221;default&#8221; custom_margin=&#8221;||10px||false|false&#8221; global_colors_info=&#8221;{}&#8221; toggle_text_color=&#8221;#E1B202&#8243; toggle_level=&#8221;h3&#8243; toggle_font_size=&#8221;20px&#8221; open=&#8221;off&#8221;]<\/p>\n<p><strong>Hora: 9h &#8211; 12h<\/strong><\/p>\n<h3>Reuni\u00e3o do Conselho de Mercocidades<\/h3>\n<p>Somente com convite<\/p>\n<p><strong>Local: Tenda Mercocidades<\/strong><\/p>\n<hr \/>\n<p><strong>Hora: 9h &#8211; 12h<\/strong><\/p>\n<h3>Visitas t\u00e9cnicas (Rota 2 &#8211; Cidades Resilientes)<strong><\/strong><\/h3>\n<hr \/>\n<p><strong>Hora: 14h &#8211; 16h30<\/strong><\/p>\n<h3>Abertura da XXX C\u00fapula de Mercocidades: Caminhos para Cidades Resilientes,<br \/>Pac\u00edficas e Sustent\u00e1veis<\/h3>\n<ul>\n<li>Mauro Vieira, Ministro de Estado de Rela\u00e7\u00f5es Exteriores<\/li>\n<li>Rodrigo Neves, Prefeito de Niter\u00f3i<\/li>\n<li>Fernando Gray, Intendente de Esteban Echeverria e Presidente de Mercocidades<\/li>\n<li>Annette Killmer, Chefe da Representa\u00e7\u00e3o do BID no Brasil<\/li>\n<li>Aloizio Mercadante, Presidente do BNDES<\/li>\n<li>Emilia Saiz, Secret\u00e1ria Executiva da CGLU<\/li>\n<li>Tande Vieira, Prefeito de Resende e Presidente da AEMERJ<\/li>\n<li>Sebasti\u00e3o Melo, Prefeito de Porto Alegre e 1\u00ba Vice-Presidente Nacional da FNP<\/li>\n<li>Washington Quaqu\u00e1, Prefeito de Maric\u00e1 e Presidente da ABM<\/li>\n<li>Francisco Legnani, Intendente de Canelones<\/li>\n<\/ul>\n<p><strong>Local: Teatro Popular <\/strong><br \/><strong>Aberto ao p\u00fablico<\/strong><\/p>\n<hr \/>\n<p><strong>Hora: 16h30 &#8211; 16h45<\/strong><\/p>\n<h3>Apresenta\u00e7\u00e3o do Informe \u201cCoopera\u00e7\u00e3o e Financiamento Internacional a Governos Locais da Am\u00e9rica Latina: Avan\u00e7os no \u00e2mbito do acordo CAFMercocidades\u201d<\/h3>\n<p>Modera\u00e7\u00e3o: Lautaro Lorenzo, Secret\u00e1rio Executivo de Mercocidades<br \/>Apresenta\u00e7\u00e3o: Christian Asinelli, Vice-Presidente da CAF<\/p>\n<p><strong>Local: Teatro Popular <\/strong><br \/><strong>Aberto ao p\u00fablico<\/strong><\/p>\n<hr \/>\n<p><strong>Hora: 17h &#8211; 18h30<\/strong><\/p>\n<h3>O papel das cidades nos problemas globais: seguran\u00e7a, clima e resili\u00eancia<\/h3>\n<p>Modera\u00e7\u00e3o: Felipe Peixoto, Secret\u00e1rio Executivo de Niter\u00f3i<\/p>\n<p>Painelistas:<\/p>\n<ul>\n<li>Rayne Ferretti Moraes, Chefe do Escrit\u00f3rio da ONU Habitat no Brasil<\/li>\n<li>Bruno Lana, Oficial de Assuntos Econ\u00f4micos da Divis\u00e3o de Desenvolvimento Sustent\u00e1vel e Assentamentos Humanos da CEPAL<\/li>\n<li>Bibiana Garcia, Consultora Internacional da Organiza\u00e7\u00e3o Panamericana de Sa\u00fade<\/li>\n<li>Let\u00edcia Sibinelli, Assessora de Dados e Gest\u00e3o do Conhecimento do GCoM LATAM<\/li>\n<li>Sebasti\u00e3o Melo, Prefeito de Porto Alegre e 1\u00ba Vice-Presidente Nacional da FNP<\/li>\n<\/ul>\n<p><strong>Local: Teatro Popular <\/strong><br \/><strong>Aberto ao p\u00fablico<\/strong><strong><\/strong><\/p>\n<p>[\/et_pb_accordion_item][et_pb_accordion_item title=&#8221;05 de dezembro, sexta-feira&#8221; open=&#8221;off&#8221; _builder_version=&#8221;4.24.3&#8243; _module_preset=&#8221;default&#8221; custom_margin=&#8221;||10px||false|false&#8221; global_colors_info=&#8221;{}&#8221; toggle_text_color=&#8221;#E1B202&#8243; toggle_level=&#8221;h3&#8243; toggle_font_size=&#8221;20px&#8221;]<\/p>\n<p><strong>Hora: 10h &#8211; 10h30<\/strong><\/p>\n<h3>Foto Institucional<\/h3>\n<p><strong>Museu de Arte Contempor\u00e2nea<\/strong><\/p>\n<hr \/>\n<p>&nbsp;<\/p>\n<p><strong>Hora: 11h &#8211; 15h30<\/strong><\/p>\n<h3>XXX Assembleia de Mercocidades<\/h3>\n<p>Posse do Prefeito de Niter\u00f3i, Rodrigo Neves, como Presidente da Rede Mercocidades para 2026.<\/p>\n<p><strong>Local: Teatro Popular <\/strong><br \/><strong>Aberto ao p\u00fablico<\/strong><\/p>\n<hr \/>\n<p><strong>Hora: 16h30 &#8211; 16h45<\/strong><\/p>\n<h3>Apresenta\u00e7\u00e3o do Informe \u201cCoopera\u00e7\u00e3o e Financiamento Internacional a Governos Locais da Am\u00e9rica Latina: Avan\u00e7os no \u00e2mbito do acordo CAFMercocidades\u201d<\/h3>\n<p>Modera\u00e7\u00e3o: Lautaro Lorenzo, Secret\u00e1rio Executivo de Mercocidades<br \/>Apresenta\u00e7\u00e3o: Christian Asinelli, Vice-Presidente da CAF<\/p>\n<p><strong>Local: Tenda Mercocidades<\/strong><\/p>\n<hr \/>\n<p><strong>Hora: 16h &#8211; 18h<\/strong><\/p>\n<h3>Confer\u00eancia Especial Mercocidades: Cidades e a Integra\u00e7\u00e3o da Am\u00e9rica Latina<\/h3>\n<p>Keynote speaker: a confirmar.\u00a0<\/p>\n<p><strong>Local: Teatro Popular <\/strong><br \/><strong>Aberto ao p\u00fablico<\/strong><strong><\/strong><\/p>\n<p>[\/et_pb_accordion_item][\/et_pb_accordion][et_pb_button button_url=&#8221;https:\/\/sites.niteroi.rj.gov.br\/mercocidades\/index.php\/galeria-de-fotos\/&#8221; button_text=&#8221;GALERIA DE FOTOS&#8221; button_alignment=&#8221;center&#8221; _builder_version=&#8221;4.24.3&#8243; _module_preset=&#8221;default&#8221; custom_button=&#8221;on&#8221; button_text_size=&#8221;41px&#8221; button_text_color=&#8221;#003E8B&#8221; box_shadow_style=&#8221;preset1&#8243; global_colors_info=&#8221;{}&#8221;][\/et_pb_button][\/et_pb_column][\/et_pb_row][et_pb_row disabled_on=&#8221;off|off|off&#8221; _builder_version=&#8221;4.24.3&#8243; _module_preset=&#8221;default&#8221; global_colors_info=&#8221;{}&#8221;][et_pb_column type=&#8221;4_4&#8243; _builder_version=&#8221;4.24.3&#8243; _module_preset=&#8221;default&#8221; global_colors_info=&#8221;{}&#8221;][et_pb_text _builder_version=&#8221;4.24.3&#8243; _module_preset=&#8221;default&#8221; text_font=&#8221;Montserrat|900|||||||&#8221; text_text_color=&#8221;#0B5FA6&#8243; text_font_size=&#8221;2em&#8221; text_line_height=&#8221;1.3em&#8221; text_orientation=&#8221;center&#8221; global_colors_info=&#8221;{}&#8221;]Caminho Niemeyer[\/et_pb_text][et_pb_text _builder_version=&#8221;4.24.3&#8243; _module_preset=&#8221;default&#8221; text_font=&#8221;Montserrat|500|||||||&#8221; text_text_color=&#8221;#000000&#8243; text_font_size=&#8221;18px&#8221; text_orientation=&#8221;center&#8221; global_colors_info=&#8221;{}&#8221;]<\/p>\n<p>Ser\u00e3o tr\u00eas dias de debates, trocas de experi\u00eancias e coopera\u00e7\u00e3o entre l\u00edderes municipais de toda a regi\u00e3o.<\/p>\n<p>O objetivo? Avan\u00e7ar em pol\u00edticas p\u00fablicas que promovam o desenvolvimento sustent\u00e1vel, a resili\u00eancia, a paz e o bem-estar da popula\u00e7\u00e3o latino-americana.<\/p>\n<p>[\/et_pb_text][et_pb_text _builder_version=&#8221;4.24.3&#8243; _module_preset=&#8221;default&#8221; text_font=&#8221;Montserrat|700|||||||&#8221; text_text_color=&#8221;#0B5FA6&#8243; text_font_size=&#8221;20px&#8221; text_line_height=&#8221;1.3em&#8221; text_orientation=&#8221;center&#8221; global_colors_info=&#8221;{}&#8221;]<\/p>\n<p>Desde 1995, a Mercocidades conecta governos locais, estimula a integra\u00e7\u00e3o regional e fortalece as cidades como protagonistas da transforma\u00e7\u00e3o.<\/p>\n<p>[\/et_pb_text][et_pb_divider color=&#8221;rgba(0,62,139,0.19)&#8221; _builder_version=&#8221;4.24.3&#8243; _module_preset=&#8221;default&#8221; global_colors_info=&#8221;{}&#8221;][\/et_pb_divider][et_pb_text disabled_on=&#8221;on|on|on&#8221; _builder_version=&#8221;4.24.3&#8243; _module_preset=&#8221;default&#8221; text_font=&#8221;Montserrat|700|||||||&#8221; text_text_color=&#8221;#0B5FA6&#8243; text_font_size=&#8221;20px&#8221; text_line_height=&#8221;1.3em&#8221; text_orientation=&#8221;center&#8221; disabled=&#8221;on&#8221; global_colors_info=&#8221;{}&#8221;]<\/p>\n<p>F\u00d3RUM DE SEGURAN\u00c7A P\u00daBLICA EM PERSPECTIVAS TRANSVERSAIS: \u201cCAMINHOS PARA CIDADES RESILIENTES, PAC\u00cdFICAS E SUSTENT\u00c1VEIS\u201d<\/p>\n<p>[\/et_pb_text][et_pb_text disabled_on=&#8221;on|on|on&#8221; _builder_version=&#8221;4.24.3&#8243; _module_preset=&#8221;default&#8221; text_font=&#8221;Montserrat|700|||||||&#8221; text_text_color=&#8221;#E1B202&#8243; text_font_size=&#8221;20px&#8221; text_line_height=&#8221;1.3em&#8221; text_orientation=&#8221;center&#8221; disabled=&#8221;on&#8221; global_colors_info=&#8221;{}&#8221;]<\/p>\n<p>2 de dezembro &#8211; Teatro Popular do Caminho Niemeyer<\/p>\n<p>[\/et_pb_text][et_pb_text disabled_on=&#8221;on|on|on&#8221; _builder_version=&#8221;4.24.3&#8243; _module_preset=&#8221;default&#8221; text_font=&#8221;Montserrat|500|||||||&#8221; text_text_color=&#8221;#000000&#8243; text_font_size=&#8221;16px&#8221; text_line_height=&#8221;1.6em&#8221; disabled=&#8221;on&#8221; global_colors_info=&#8221;{}&#8221;]<\/p>\n<p><strong>9h &#8211; 9h30:<\/strong> Abertura do credenciamento<br \/><strong>9h30 &#8211; 10h40:<\/strong> Mesa de abertura: Caminhos para cidades resilientes, pac\u00edficas e sustent\u00e1veis<br \/><strong>11h &#8211; 12h10:<\/strong> Mesa 1: Construindo cidades seguras: cases de sucesso da Am\u00e9rica Latina<br \/><strong>12h20 &#8211; 13h50:<\/strong> Pausa para almo\u00e7o (Pra\u00e7a de Food Trucks)<br \/><strong>14h &#8211; 15h10:<\/strong> Mesa 2: Balan\u00e7o da COP30: papel das cidades na agenda clim\u00e1tica<br \/><strong>15h20 &#8211; 16h30:<\/strong> Mesa 3: Construindo cidades cuidadoras por meio de Perspectiva de G\u00eanero<br \/><strong>16h40 &#8211; 17h:<\/strong> Coffee break<br \/><strong>17h10 &#8211; 18h20:<\/strong> Mesa 4: Cultura e esporte como instrumentos de pacifica\u00e7\u00e3o<br \/><strong>19h &#8211; 22h:<\/strong> Programa\u00e7\u00e3o cultural e Lan\u00e7amento de livros (Pra\u00e7a de Food Trucks)<\/p>\n<p>[\/et_pb_text][et_pb_text _builder_version=&#8221;4.24.3&#8243; _module_preset=&#8221;default&#8221; text_font=&#8221;|||on|||||&#8221; text_text_color=&#8221;#003E8B&#8221; text_font_size=&#8221;23px&#8221; text_orientation=&#8221;center&#8221; global_colors_info=&#8221;{}&#8221;]<strong>Acompanhe ao vivo nas redes sociais e fa\u00e7a contato atrav\u00e9s do Whatsapp.<\/strong>[\/et_pb_text][et_pb_social_media_follow use_icon_font_size=&#8221;on&#8221; icon_font_size=&#8221;58px&#8221; _builder_version=&#8221;4.24.3&#8243; _module_preset=&#8221;default&#8221; text_orientation=&#8221;center&#8221; width=&#8221;100%&#8221; min_height=&#8221;142px&#8221; custom_margin=&#8221;||-74px|||&#8221; custom_padding=&#8221;|1px|100px|||&#8221; global_colors_info=&#8221;{}&#8221;][et_pb_social_media_follow_network social_network=&#8221;instagram&#8221; url=&#8221;http:\/\/www.instagram.com\/mercociudades&#8221; use_icon_font_size=&#8221;on&#8221; icon_font_size=&#8221;58px&#8221; _builder_version=&#8221;4.24.3&#8243; _module_preset=&#8221;default&#8221; background_color=&#8221;#ea2c59&#8243; global_colors_info=&#8221;{}&#8221; follow_button=&#8221;off&#8221; url_new_window=&#8221;on&#8221;]instagram[\/et_pb_social_media_follow_network][et_pb_social_media_follow_network social_network=&#8221;youtube&#8221; url=&#8221;https:\/\/www.youtube.com\/c\/PrefeituradeNiter%C3%B3iOficial&#8221; _builder_version=&#8221;4.24.3&#8243; _module_preset=&#8221;default&#8221; background_color=&#8221;#a82400&#8243; global_colors_info=&#8221;{}&#8221; follow_button=&#8221;off&#8221; url_new_window=&#8221;on&#8221;]youtube[\/et_pb_social_media_follow_network][et_pb_social_media_follow_network social_network=&#8221;whatsapp&#8221; url=&#8221;https:\/\/wa.me\/5521999099744&#8243; _builder_version=&#8221;4.24.3&#8243; _module_preset=&#8221;default&#8221; background_color=&#8221;#25D366&#8243; global_colors_info=&#8221;{}&#8221; follow_button=&#8221;off&#8221; url_new_window=&#8221;on&#8221;]whatsapp[\/et_pb_social_media_follow_network][\/et_pb_social_media_follow][et_pb_divider color=&#8221;rgba(0,62,139,0.19)&#8221; _builder_version=&#8221;4.24.3&#8243; _module_preset=&#8221;default&#8221; global_colors_info=&#8221;{}&#8221;][\/et_pb_divider][\/et_pb_column][\/et_pb_row][et_pb_row column_structure=&#8221;1_2,1_2&#8243; use_custom_gutter=&#8221;on&#8221; gutter_width=&#8221;1&#8243; make_equal=&#8221;on&#8221; _builder_version=&#8221;4.24.3&#8243; _module_preset=&#8221;default&#8221; width=&#8221;90%&#8221; global_colors_info=&#8221;{}&#8221;][et_pb_column type=&#8221;1_2&#8243; _builder_version=&#8221;4.24.3&#8243; _module_preset=&#8221;default&#8221; global_colors_info=&#8221;{}&#8221;][et_pb_image src=&#8221;https:\/\/sites.niteroi.rj.gov.br\/mercocidades\/wp-content\/uploads\/2025\/08\/CAMINHO-NIEMEYER-EM-DIA-DE-EVENTO.jpg&#8221; title_text=&#8221;CAMINHO-NIEMEYER-EM-DIA-DE-EVENTO&#8221; _builder_version=&#8221;4.24.3&#8243; _module_preset=&#8221;default&#8221; global_colors_info=&#8221;{}&#8221;][\/et_pb_image][\/et_pb_column][et_pb_column type=&#8221;1_2&#8243; _builder_version=&#8221;4.24.3&#8243; _module_preset=&#8221;default&#8221; global_colors_info=&#8221;{}&#8221;][et_pb_code _builder_version=&#8221;4.24.3&#8243; _module_preset=&#8221;default&#8221; global_colors_info=&#8221;{}&#8221;]<iframe src=\"https:\/\/www.google.com\/maps\/embed?pb=!1m18!1m12!1m3!1d3675.6196540018095!2d-43.129531523903076!3d-22.89050453729081!2m3!1f0!2f0!3f0!3m2!1i1024!2i768!4f13.1!3m3!1m2!1s0x9983c8c605cbe5%3A0x2af940b6292c9037!2sCaminho%20Niemeyer!5e0!3m2!1spt-BR!2sbr!4v1756225120111!5m2!1spt-BR!2sbr\" width=\"100%\" height=\"350\" style=\"border:0;\" allowfullscreen=\"\" loading=\"lazy\" referrerpolicy=\"no-referrer-when-downgrade\"><\/iframe>[\/et_pb_code][\/et_pb_column][\/et_pb_row][\/et_pb_section][et_pb_section fb_built=&#8221;1&#8243; disabled_on=&#8221;on|on|on&#8221; _builder_version=&#8221;4.24.3&#8243; _module_preset=&#8221;default&#8221; min_height=&#8221;447px&#8221; custom_margin=&#8221;||-40px|||&#8221; disabled=&#8221;on&#8221; global_colors_info=&#8221;{}&#8221;][et_pb_row _builder_version=&#8221;4.24.3&#8243; _module_preset=&#8221;default&#8221; global_colors_info=&#8221;{}&#8221;][et_pb_column type=&#8221;4_4&#8243; _builder_version=&#8221;4.24.3&#8243; _module_preset=&#8221;default&#8221; global_colors_info=&#8221;{}&#8221;][et_pb_text _builder_version=&#8221;4.24.3&#8243; _module_preset=&#8221;default&#8221; text_text_color=&#8221;#158770&#8243; text_font_size=&#8221;33px&#8221; text_line_height=&#8221;1.8em&#8221; header_font_size=&#8221;18px&#8221; background_color=&#8221;#FFFFFF&#8221; text_orientation=&#8221;center&#8221; width=&#8221;100%&#8221; custom_margin=&#8221;|-132px||||&#8221; custom_padding=&#8221;0px|||1px||&#8221; global_colors_info=&#8221;{}&#8221;]<\/p>\n<h1 style=\"text-align: center;\">\u26a0\ufe0f Aviso Importante<br \/><strong>Para suporte, d\u00favidas e informa\u00e7\u00f5es sobre a XXX C\u00fapula de Mercocidades, fa\u00e7a <\/strong><strong>contato clicando abaixo:<\/strong><\/h1>\n<p>[\/et_pb_text][et_pb_social_media_follow _builder_version=&#8221;4.24.3&#8243; _module_preset=&#8221;default&#8221; width=&#8221;38.4%&#8221; custom_margin=&#8221;|-327px||||&#8221; global_colors_info=&#8221;{}&#8221;][et_pb_social_media_follow_network social_network=&#8221;whatsapp&#8221; url=&#8221;https:\/\/wa.me\/5521999099744&#8243; use_icon_font_size=&#8221;on&#8221; icon_font_size=&#8221;74px&#8221; _builder_version=&#8221;4.24.3&#8243; _module_preset=&#8221;default&#8221; background_color=&#8221;#25D366&#8243; global_colors_info=&#8221;{}&#8221; follow_button=&#8221;off&#8221; url_new_window=&#8221;on&#8221;]whatsapp[\/et_pb_social_media_follow_network][\/et_pb_social_media_follow][\/et_pb_column][\/et_pb_row][\/et_pb_section]<\/p>\n","protected":false},"excerpt":{"rendered":"<p>XXX C\u00fapula de MercocidadesEm dezembro, centenas de gestores da Am\u00e9rica do Sul e da Am\u00e9rica Latina se reuniram em Niter\u00f3i, no Rio de Janeiro, Brasil, para debater \u201cCaminhos para Cidades Resilientes, Pac\u00edficas e Sustent\u00e1veis\u201dPrograma\u00e7\u00e3o por diaYour content goes here. Edit or remove this text inline or in the module Content settings. You can also style [&hellip;]<\/p>\n","protected":false},"author":1,"featured_media":0,"parent":0,"menu_order":0,"comment_status":"closed","ping_status":"closed","template":"","meta":{"_et_pb_use_builder":"on","_et_pb_old_content":"","_et_gb_content_width":"","footnotes":""},"class_list":["post-10","page","type-page","status-publish","hentry"],"_links":{"self":[{"href":"https:\/\/sites.niteroi.rj.gov.br\/mercocidades\/index.php\/wp-json\/wp\/v2\/pages\/10","targetHints":{"allow":["GET"]}}],"collection":[{"href":"https:\/\/sites.niteroi.rj.gov.br\/mercocidades\/index.php\/wp-json\/wp\/v2\/pages"}],"about":[{"href":"https:\/\/sites.niteroi.rj.gov.br\/mercocidades\/index.php\/wp-json\/wp\/v2\/types\/page"}],"author":[{"embeddable":true,"href":"https:\/\/sites.niteroi.rj.gov.br\/mercocidades\/index.php\/wp-json\/wp\/v2\/users\/1"}],"replies":[{"embeddable":true,"href":"https:\/\/sites.niteroi.rj.gov.br\/mercocidades\/index.php\/wp-json\/wp\/v2\/comments?post=10"}],"version-history":[{"count":34,"href":"https:\/\/sites.niteroi.rj.gov.br\/mercocidades\/index.php\/wp-json\/wp\/v2\/pages\/10\/revisions"}],"predecessor-version":[{"id":384,"href":"https:\/\/sites.niteroi.rj.gov.br\/mercocidades\/index.php\/wp-json\/wp\/v2\/pages\/10\/revisions\/384"}],"wp:attachment":[{"href":"https:\/\/sites.niteroi.rj.gov.br\/mercocidades\/index.php\/wp-json\/wp\/v2\/media?parent=10"}],"curies":[{"name":"wp","href":"https:\/\/api.w.org\/{rel}","templated":true}]}}