{"id":53,"date":"2026-02-27T10:24:21","date_gmt":"2026-02-27T13:24:21","guid":{"rendered":"https:\/\/sites.niteroi.rj.gov.br\/mes-da-mulher\/?page_id=53"},"modified":"2026-03-11T16:23:43","modified_gmt":"2026-03-11T19:23:43","slug":"home-2026","status":"publish","type":"page","link":"https:\/\/sites.niteroi.rj.gov.br\/mes-da-mulher\/","title":{"rendered":"Home 2026"},"content":{"rendered":"<p>[et_pb_section fb_built=&#8221;1&#8243; _builder_version=&#8221;4.24.3&#8243; _module_preset=&#8221;default&#8221; background_color=&#8221;#902780&#8243; background_image=&#8221;https:\/\/sites.niteroi.rj.gov.br\/mes-da-mulher\/wp-content\/uploads\/2026\/02\/BACKGROUND_MAC.jpg&#8221; background_position=&#8221;top_left&#8221; background_blend=&#8221;multiply&#8221; global_colors_info=&#8221;{}&#8221;][et_pb_row column_structure=&#8221;3_5,2_5&#8243; _builder_version=&#8221;4.24.3&#8243; _module_preset=&#8221;default&#8221; global_colors_info=&#8221;{}&#8221;][et_pb_column type=&#8221;3_5&#8243; _builder_version=&#8221;4.24.3&#8243; _module_preset=&#8221;default&#8221; global_colors_info=&#8221;{}&#8221;][et_pb_image src=&#8221;https:\/\/sites.niteroi.rj.gov.br\/mes-da-mulher\/wp-content\/uploads\/2026\/02\/SLOGAN_ATIVO-scaled.png&#8221; title_text=&#8221;SLOGAN_ATIVO&#8221; _builder_version=&#8221;4.24.3&#8243; _module_preset=&#8221;default&#8221; global_colors_info=&#8221;{}&#8221;][\/et_pb_image][\/et_pb_column][et_pb_column type=&#8221;2_5&#8243; _builder_version=&#8221;4.24.3&#8243; _module_preset=&#8221;default&#8221; global_colors_info=&#8221;{}&#8221;][et_pb_image src=&#8221;https:\/\/sites.niteroi.rj.gov.br\/mes-da-mulher\/wp-content\/uploads\/2026\/02\/mulheres.png&#8221; title_text=&#8221;mulheres&#8221; show_bottom_space=&#8221;off&#8221; _builder_version=&#8221;4.24.3&#8243; _module_preset=&#8221;default&#8221; global_colors_info=&#8221;{}&#8221;][\/et_pb_image][\/et_pb_column][\/et_pb_row][\/et_pb_section][et_pb_section fb_built=&#8221;1&#8243; _builder_version=&#8221;4.24.3&#8243; _module_preset=&#8221;default&#8221; global_colors_info=&#8221;{}&#8221;][et_pb_row _builder_version=&#8221;4.24.3&#8243; _module_preset=&#8221;default&#8221; global_colors_info=&#8221;{}&#8221;][et_pb_column type=&#8221;4_4&#8243; _builder_version=&#8221;4.24.3&#8243; _module_preset=&#8221;default&#8221; global_colors_info=&#8221;{}&#8221;][et_pb_image src=&#8221;https:\/\/sites.niteroi.rj.gov.br\/mes-da-mulher\/wp-content\/uploads\/2026\/02\/LOGO_MES_MULHER.png&#8221; title_text=&#8221;LOGO_M\u00caS_MULHER&#8221; align=&#8221;center&#8221; _builder_version=&#8221;4.24.3&#8243; _module_preset=&#8221;default&#8221; width=&#8221;140px&#8221; global_colors_info=&#8221;{}&#8221;][\/et_pb_image][et_pb_text _builder_version=&#8221;4.24.3&#8243; _module_preset=&#8221;default&#8221; header_font=&#8221;|700|||||||&#8221; header_text_align=&#8221;center&#8221; hover_enabled=&#8221;0&#8243; global_colors_info=&#8221;{}&#8221; sticky_enabled=&#8221;0&#8243;]<\/p>\n<h1>Agenda 2026<\/h1>\n<p>[\/et_pb_text][\/et_pb_column][\/et_pb_row][et_pb_row column_structure=&#8221;1_2,1_2&#8243; use_custom_gutter=&#8221;on&#8221; gutter_width=&#8221;2&#8243; _builder_version=&#8221;4.24.3&#8243; _module_preset=&#8221;default&#8221; global_colors_info=&#8221;{}&#8221; locked=&#8221;off&#8221;][et_pb_column type=&#8221;1_2&#8243; _builder_version=&#8221;4.24.3&#8243; _module_preset=&#8221;default&#8221; background_color=&#8221;#FFFFFF&#8221; custom_padding=&#8221;20px|30px|20px|30px|true|true&#8221; border_radii=&#8221;on|10px|10px|10px|10px&#8221; border_width_all=&#8221;1px&#8221; border_color_all=&#8221;rgba(0,0,0,0.1)&#8221; global_colors_info=&#8221;{}&#8221;][et_pb_text _builder_version=&#8221;4.24.3&#8243; _module_preset=&#8221;default&#8221; header_2_font=&#8221;|700|||||||&#8221; header_2_font_size=&#8221;28px&#8221; header_3_font=&#8221;|700|||||||&#8221; header_3_text_color=&#8221;#902780&#8243; hover_enabled=&#8221;0&#8243; global_colors_info=&#8221;{}&#8221; sticky_enabled=&#8221;0&#8243;]<\/p>\n<h2>04 de mar\u00e7o<\/h2>\n<h3>Quarta-feira<\/h3>\n<p><b>Amor e autocuidado como pr\u00e1ticas de liberta\u00e7\u00e3o: reflex\u00f5es a partir de bell hooks<br \/><\/b><span style=\"font-weight: 400;\">Local: Audit\u00f3rio do Caminho Niemeyer<br \/><\/span><span style=\"font-weight: 400;\">Hor\u00e1rio: 18h\u00a0<\/span><\/p>\n<p><b>CANOA da SORORIDADE(Restrito)<br \/><\/b>Local: Praia de Itaipu Niter\u00f3i<br \/><span style=\"font-weight: 400;\">Hor\u00e1rio: 07h30 \u00e0s 10h00<\/span><\/p>\n<p>[\/et_pb_text][\/et_pb_column][et_pb_column type=&#8221;1_2&#8243; _builder_version=&#8221;4.24.3&#8243; _module_preset=&#8221;default&#8221; background_color=&#8221;#FFFFFF&#8221; custom_padding=&#8221;20px|30px|20px|30px|true|true&#8221; border_radii=&#8221;on|10px|10px|10px|10px&#8221; border_width_all=&#8221;1px&#8221; border_color_all=&#8221;rgba(0,0,0,0.1)&#8221; global_colors_info=&#8221;{}&#8221;][et_pb_text _builder_version=&#8221;4.24.3&#8243; _module_preset=&#8221;default&#8221; header_2_font=&#8221;|700|||||||&#8221; header_2_font_size=&#8221;28px&#8221; header_3_font=&#8221;|700|||||||&#8221; header_3_text_color=&#8221;#902780&#8243; hover_enabled=&#8221;0&#8243; global_colors_info=&#8221;{}&#8221; sticky_enabled=&#8221;0&#8243;]<\/p>\n<h2>07 de mar\u00e7o<\/h2>\n<h3>S\u00e1bado<\/h3>\n<p><b>Preven\u00e7\u00e3o e Cuidado com o C\u00e2ncer de Mama e de \u00datero (Mar\u00e7o Lil\u00e1s 2026)<br \/><\/b>Local: Unidades MMF das regi\u00f5es Leste Oce\u00e2nica e Norte 2<br \/><span style=\"font-weight: 400;\">Hor\u00e1rio: 08 \u00e0s 13h<\/span><\/p>\n<p>&nbsp;<\/p>\n<p>[\/et_pb_text][\/et_pb_column][\/et_pb_row][et_pb_row column_structure=&#8221;3_5,2_5&#8243; use_custom_gutter=&#8221;on&#8221; gutter_width=&#8221;2&#8243; _builder_version=&#8221;4.24.3&#8243; _module_preset=&#8221;default&#8221; global_colors_info=&#8221;{}&#8221; locked=&#8221;off&#8221;][et_pb_column type=&#8221;3_5&#8243; _builder_version=&#8221;4.24.3&#8243; _module_preset=&#8221;default&#8221; background_color=&#8221;#FFFFFF&#8221; custom_padding=&#8221;20px|30px|20px|30px|true|true&#8221; border_radii=&#8221;on|10px|10px|10px|10px&#8221; border_width_all=&#8221;1px&#8221; border_color_all=&#8221;rgba(0,0,0,0.1)&#8221; global_colors_info=&#8221;{}&#8221;][et_pb_text _builder_version=&#8221;4.24.3&#8243; _module_preset=&#8221;default&#8221; header_2_font=&#8221;|700|||||||&#8221; header_2_font_size=&#8221;28px&#8221; header_3_font=&#8221;|700|||||||&#8221; header_3_text_color=&#8221;#902780&#8243; hover_enabled=&#8221;0&#8243; global_colors_info=&#8221;{}&#8221; sticky_enabled=&#8221;0&#8243;]<\/p>\n<h2>08 de mar\u00e7o<\/h2>\n<h3>Domingo<\/h3>\n<p><b>Caminhada 8M<\/b><span style=\"font-weight: 400;\">\u00a0<br \/><\/span><span style=\"font-weight: 400;\">Hor\u00e1rio: 10h\u00a0<br \/><\/span><span style=\"font-weight: 400;\">Local: Copacabana\u00a0<\/span><\/p>\n<p><b>Show em Homenagem ao Dia Internacional da Mulher <br \/><\/b>Local: Caminho Niemeyer<\/p>\n<p>[\/et_pb_text][et_pb_image src=&#8221;https:\/\/sites.niteroi.rj.gov.br\/mes-da-mulher\/wp-content\/uploads\/2026\/03\/640486894_18570643105031313_3605520508184316206_n.jpg&#8221; _builder_version=&#8221;4.24.3&#8243; _module_preset=&#8221;default&#8221; title_text=&#8221;640486894_18570643105031313_3605520508184316206_n&#8221; hover_enabled=&#8221;0&#8243; sticky_enabled=&#8221;0&#8243; border_radii=&#8221;on|10px|10px|10px|10px&#8221;][\/et_pb_image][\/et_pb_column][et_pb_column type=&#8221;2_5&#8243; _builder_version=&#8221;4.24.3&#8243; _module_preset=&#8221;default&#8221; background_color=&#8221;#FFFFFF&#8221; custom_padding=&#8221;20px|30px|20px|30px|true|true&#8221; border_radii=&#8221;on|10px|10px|10px|10px&#8221; border_width_all=&#8221;1px&#8221; border_color_all=&#8221;rgba(0,0,0,0.1)&#8221; global_colors_info=&#8221;{}&#8221;][et_pb_text _builder_version=&#8221;4.24.3&#8243; _module_preset=&#8221;default&#8221; header_2_font=&#8221;|700|||||||&#8221; header_2_font_size=&#8221;28px&#8221; header_3_font=&#8221;|700|||||||&#8221; header_3_text_color=&#8221;#902780&#8243; hover_enabled=&#8221;0&#8243; global_colors_info=&#8221;{}&#8221; sticky_enabled=&#8221;0&#8243;]<\/p>\n<h2>09 de mar\u00e7o<\/h2>\n<h3>Segunda-feira<\/h3>\n<p><b>Inaugura\u00e7\u00e3o do benef\u00edcio de gratuidade no transporte p\u00fablico municipal por \u00f4nibus para mulheres em situa\u00e7\u00e3o de vulnerabilidade social<br \/><\/b>Local: Audit\u00f3rio Caminho Niemeyer\u00a0<br \/><span style=\"font-weight: 400;\">Hor\u00e1rio: 15h\u00a0<\/span><\/p>\n<p><b>Reuni\u00e3o GT Semin\u00e1rio G\u00eanero e Ra\u00e7a (SMMU) <br \/><\/b><span style=\"font-weight: 400;\">Local: SMMU\u00a0<br \/><\/span><span style=\"font-weight: 400;\">Hor\u00e1rio: 14h<\/span><b>\u00a0\u00a0<\/b><\/p>\n<p><b>MasterClass Profissionais da Beleza &#8211; Lucro na Agenda<br \/><\/b><span style=\"font-weight: 400;\">Local: Online\u00a0<br \/><\/span><span style=\"font-weight: 400;\">Hor\u00e1rio: 19h\u00a0<\/span><\/p>\n<p><b>Elas da SMF (Atividade Restrista) <br \/><\/b>Local: Audit\u00f3rio da Secretaria de Fazenda<br \/><span style=\"font-weight: 400;\">Hor\u00e1rio: 14h<\/span><\/p>\n<p>[\/et_pb_text][\/et_pb_column][\/et_pb_row][et_pb_row column_structure=&#8221;1_3,2_3&#8243; use_custom_gutter=&#8221;on&#8221; gutter_width=&#8221;2&#8243; _builder_version=&#8221;4.24.3&#8243; _module_preset=&#8221;default&#8221; global_colors_info=&#8221;{}&#8221; locked=&#8221;off&#8221;][et_pb_column type=&#8221;1_3&#8243; _builder_version=&#8221;4.24.3&#8243; _module_preset=&#8221;default&#8221; background_color=&#8221;#FFFFFF&#8221; custom_padding=&#8221;20px|30px|20px|30px|true|true&#8221; border_radii=&#8221;on|10px|10px|10px|10px&#8221; border_width_all=&#8221;1px&#8221; border_color_all=&#8221;rgba(0,0,0,0.1)&#8221; global_colors_info=&#8221;{}&#8221;][et_pb_text _builder_version=&#8221;4.24.3&#8243; _module_preset=&#8221;default&#8221; header_2_font=&#8221;|700|||||||&#8221; header_2_font_size=&#8221;28px&#8221; header_3_font=&#8221;|700|||||||&#8221; header_3_text_color=&#8221;#902780&#8243; hover_enabled=&#8221;0&#8243; global_colors_info=&#8221;{}&#8221; sticky_enabled=&#8221;0&#8243;]<\/p>\n<h2>10 de mar\u00e7o<\/h2>\n<h3>Ter\u00e7a-feira<\/h3>\n<p><b>Oficina da ENAP<\/b><\/p>\n<p><b>CineMulher com roda de conversa<br \/><\/b>Local: Biblioteca Popular Municipal Monteiro Lobato<br \/><span style=\"font-weight: 400;\">Hor\u00e1rio: 10h<\/span><\/p>\n<p>[\/et_pb_text][\/et_pb_column][et_pb_column type=&#8221;2_3&#8243; _builder_version=&#8221;4.24.3&#8243; _module_preset=&#8221;default&#8221; background_color=&#8221;#FFFFFF&#8221; custom_padding=&#8221;20px|30px|20px|30px|true|true&#8221; border_radii=&#8221;on|10px|10px|10px|10px&#8221; border_width_all=&#8221;1px&#8221; border_color_all=&#8221;rgba(0,0,0,0.1)&#8221; global_colors_info=&#8221;{}&#8221;][et_pb_text _builder_version=&#8221;4.24.3&#8243; _module_preset=&#8221;default&#8221; header_2_font=&#8221;|700|||||||&#8221; header_2_font_size=&#8221;28px&#8221; header_3_font=&#8221;|700|||||||&#8221; header_3_text_color=&#8221;#902780&#8243; hover_enabled=&#8221;0&#8243; global_colors_info=&#8221;{}&#8221; sticky_enabled=&#8221;0&#8243;]<\/p>\n<h2>11 de mar\u00e7o<\/h2>\n<h3>Quarta-feira<\/h3>\n<p><b>Roda de Conversa<br \/><\/b><span style=\"font-weight: 400;\">Hor\u00e1rio 19h <\/span><span style=\"font-weight: 400;\"><br \/><\/span><span style=\"font-weight: 400;\">Local: Reserva cultural <\/span><\/p>\n<p><b>Sa\u00fade da mulher: Invisibiliza\u00e7\u00e3o institucional e pol\u00edticas p\u00fablicas\u00a0<br \/><\/b>Local: Av. Visconde do Rio Branco, 360, Centro de Niter\u00f3i.\u00a0 Entre o McDonald&#8217;s e o Bay Market<br \/>Hor\u00e1rio: 15h \u00e0s 17h<\/p>\n<p><span style=\"font-weight: 400;\">Roda de conversa sobre as doen\u00e7as que acometem as mulheres ainda s\u00e3o, muitas das vezes, invisibilizadas. Pol\u00edticas e constru\u00e7\u00e3o de pol\u00edticas que que atendem \u00e0s mulheres. No espa\u00e7o Tenda das Culturas na EXPOFIBRO<\/span><\/p>\n<p><b>Os desafios\u00a0 da\u00a0 mulher\u00a0 na melhor idade. (Roda de conversa + 60)\u00a0 \u00a0 <\/b><span style=\"font-weight: 400;\">Local: COCD Centro de \u00a0 Cidadania Digital.<br \/><\/span><span style=\"font-weight: 400;\">Hor\u00e1rio: 9h<\/span><\/p>\n<p><span style=\"font-weight: 400;\">Roda de conversa sobre as doen\u00e7as que acometem as mulheres ainda s\u00e3o, muitas das vezes, invisibilizadas. Pol\u00edticas e constru\u00e7\u00e3o de pol\u00edticas que que atendem \u00e0s mulheres.<\/span><\/p>\n<p><b>A MULHER AL\u00c9M DA FARDA: CUIDANDO DE QUEM PROTEGE (RESTRITO)<br \/><\/b><span style=\"font-weight: 400;\">Local: Cidade da Ordem P\u00fablica \u2013 Niter\u00f3i<br \/><\/span><span style=\"font-weight: 400;\">Hor\u00e1rio: 08h \u00e0s 12h<\/span><\/p>\n<p>[\/et_pb_text][\/et_pb_column][\/et_pb_row][et_pb_row column_structure=&#8221;3_5,2_5&#8243; use_custom_gutter=&#8221;on&#8221; gutter_width=&#8221;2&#8243; _builder_version=&#8221;4.24.3&#8243; _module_preset=&#8221;default&#8221; global_colors_info=&#8221;{}&#8221; locked=&#8221;off&#8221;][et_pb_column type=&#8221;3_5&#8243; _builder_version=&#8221;4.24.3&#8243; _module_preset=&#8221;default&#8221; background_color=&#8221;#FFFFFF&#8221; custom_padding=&#8221;20px|30px|20px|30px|true|true&#8221; border_radii=&#8221;on|10px|10px|10px|10px&#8221; border_width_all=&#8221;1px&#8221; border_color_all=&#8221;rgba(0,0,0,0.1)&#8221; global_colors_info=&#8221;{}&#8221;][et_pb_text _builder_version=&#8221;4.24.3&#8243; _module_preset=&#8221;default&#8221; header_2_font=&#8221;|700|||||||&#8221; header_2_font_size=&#8221;28px&#8221; header_3_font=&#8221;|700|||||||&#8221; header_3_text_color=&#8221;#902780&#8243; hover_enabled=&#8221;0&#8243; global_colors_info=&#8221;{}&#8221; sticky_enabled=&#8221;0&#8243;]<\/p>\n<h2>12 de mar\u00e7o<\/h2>\n<h3>Quinta-feira<\/h3>\n<p><b>Feira Empreender Mulher: Mercado Municipal\u00a0<\/b><\/p>\n<p><b>Forma\u00e7\u00e3o Letramento de Genero\u00a0<br \/><\/b><span style=\"font-weight: 400;\">Local:Centro de forma\u00e7\u00e3o Darcy Ribeiro\u00a0<br \/><\/span><span style=\"font-weight: 400;\">Hor\u00e1rio: 14h \u00e1s 17h\u00a0<\/span><\/p>\n<p><b>Viol\u00eancia Obst\u00e9trica<br \/><\/b>Local: Maternidade Alzira Reis<br \/><span style=\"font-weight: 400;\">Hor\u00e1rio: 14h<\/span><\/p>\n<p><b>Evento para as Servidoras SMHRF (RESTRITA) <br \/><\/b>Local: SMHRF<br \/><span style=\"font-weight: 400;\">Hor\u00e1rio: 9h<\/span><\/p>\n<p><span style=\"font-weight: 400;\">Uma palestra\u00a0 de empoderamento feminino, com a Dr\u00aa Elisa Borboni, delegada da DEAM-Niter\u00f3i compartilhando sua trajet\u00f3ria, conquistas e realiza\u00e7\u00f5es como mulher refer\u00eancia de determina\u00e7\u00e3o, for\u00e7a e compromisso com a sociedade, seguido de caf\u00e9 da manh\u00e3 e momento de beleza: dicas de auto cuidado e maquiagem.<\/span><\/p>\n<p><b>QUEBRANDO O SIL\u00caNCIO E SALVANDO VIDAS: DEBATE MULTIDISCIPLINAR CONTRA O FEMINIC\u00cdDIO (RESTRITO)<br \/><\/b><span style=\"font-weight: 400;\">Local: UNIVERSO \u2013 Rua Marechal Deodoro, 217 (Sala UNIVERSO) \u2013 Niter\u00f3i<br \/><\/span><span style=\"font-weight: 400;\">Hor\u00e1rio: 19h15\u00a0<\/span><\/p>\n<p><b>Roda de conversa nas feiras do Circuito Ararib\u00f3ia de Niter\u00f3i<br \/><\/b>Local: Terminal Centro Niter\u00f3i<br \/><span style=\"font-weight: 400;\">Hor\u00e1rio: 14h<\/span><\/p>\n<p>[\/et_pb_text][\/et_pb_column][et_pb_column type=&#8221;2_5&#8243; _builder_version=&#8221;4.24.3&#8243; _module_preset=&#8221;default&#8221; background_color=&#8221;#FFFFFF&#8221; custom_padding=&#8221;20px|30px|20px|30px|true|true&#8221; border_radii=&#8221;on|10px|10px|10px|10px&#8221; border_width_all=&#8221;1px&#8221; border_color_all=&#8221;rgba(0,0,0,0.1)&#8221; global_colors_info=&#8221;{}&#8221;][et_pb_text _builder_version=&#8221;4.24.3&#8243; _module_preset=&#8221;default&#8221; header_2_font=&#8221;|700|||||||&#8221; header_2_font_size=&#8221;28px&#8221; header_3_font=&#8221;|700|||||||&#8221; header_3_text_color=&#8221;#902780&#8243; hover_enabled=&#8221;0&#8243; global_colors_info=&#8221;{}&#8221; sticky_enabled=&#8221;0&#8243;]<\/p>\n<h2>13 de mar\u00e7o<\/h2>\n<h3>Sexta-feira<\/h3>\n<p><b>Curso Introdut\u00f3rio Programa Escola da Fam\u00edlia<br \/><\/b><span style=\"font-weight: 400;\">Local: NEPPS\u00a0<br \/><\/span><span style=\"font-weight: 400;\">Hor\u00e1rio: 13h \u00e1s 17h\u00a0<\/span><\/p>\n<p><b>Feira Empreender Mulher: Mercado Municipal\u00a0<br \/><\/b><span style=\"font-weight: 400;\"><\/span><span style=\"font-weight: 400;\">Local: Mercado Municipal<\/span>\u00a0<\/p>\n<p><b>Roda de Conversa e Fisioterapia para Gestantes\u00a0<br \/><\/b><span style=\"font-weight: 400;\">Local: Maternidade Alzira Reis<br \/><\/span><span style=\"font-weight: 400;\">Hor\u00e1rio: 09h<\/span><\/p>\n<p><b>Roda de conversa nas feiras do Circuito Ararib\u00f3ia de Niter\u00f3i<br \/><\/b><span style=\"font-weight: 400;\">Local: Terminal Centro Niter\u00f3i<br \/><\/span><span style=\"font-weight: 400;\">Hor\u00e1rio: 14h<\/span><\/p>\n<p><b>Caf\u00e9 com boletim para as pessoas servidoras com a participa\u00e7\u00e3o da SMMU (restrita)\u00a0<br \/><\/b><span style=\"font-weight: 400;\">Local: SEPLAG\u00a0<br \/><\/span><span style=\"font-weight: 400;\">Hor\u00e1rio:10h30 (a confirmar)\u00a0<\/span><\/p>\n<p>[\/et_pb_text][\/et_pb_column][\/et_pb_row][et_pb_row column_structure=&#8221;3_5,2_5&#8243; use_custom_gutter=&#8221;on&#8221; gutter_width=&#8221;2&#8243; _builder_version=&#8221;4.24.3&#8243; _module_preset=&#8221;default&#8221; global_colors_info=&#8221;{}&#8221; locked=&#8221;off&#8221;][et_pb_column type=&#8221;3_5&#8243; _builder_version=&#8221;4.24.3&#8243; _module_preset=&#8221;default&#8221; background_color=&#8221;#FFFFFF&#8221; custom_padding=&#8221;20px|30px|20px|30px|true|true&#8221; border_radii=&#8221;on|10px|10px|10px|10px&#8221; border_width_all=&#8221;1px&#8221; border_color_all=&#8221;rgba(0,0,0,0.1)&#8221; global_colors_info=&#8221;{}&#8221;][et_pb_text _builder_version=&#8221;4.24.3&#8243; _module_preset=&#8221;default&#8221; header_2_font=&#8221;|700|||||||&#8221; header_2_font_size=&#8221;28px&#8221; header_3_font=&#8221;|700|||||||&#8221; header_3_text_color=&#8221;#902780&#8243; hover_enabled=&#8221;0&#8243; global_colors_info=&#8221;{}&#8221; sticky_enabled=&#8221;0&#8243;]<\/p>\n<h2>14 de mar\u00e7o<\/h2>\n<h3>S\u00e1bado<\/h3>\n<p><b>Dan\u00e7a Polin\u00e9sia: Ser\u00e1 um Lual com apresenta\u00e7\u00e3o de aula de dan\u00e7as polin\u00e9sias e mini palestra sobre a cultura de n\u00e3o utiliza\u00e7\u00e3o de pl\u00e1sticos e respeito aos animais, com m\u00fasica e frutas.\u00a0<br \/><\/b><span style=\"font-weight: 400;\">Local: Praia de Itaipu<br \/><\/span><span style=\"font-weight: 400;\">Hor\u00e1rio: 18h<\/span><\/p>\n<p><b>Preven\u00e7\u00e3o e Cuidado com o C\u00e2ncer de Mama e de \u00datero (Mar\u00e7o Lil\u00e1s 2026) <br \/><\/b>Local: Unidades do MMF nas regi\u00f5es Norte 1 e Praias da Baia 1<br \/><span style=\"font-weight: 400;\">Hor\u00e1rio: 8 \u00e0s 13h<\/span><\/p>\n<p><b>Parnaso Sarau Afeto<br \/><\/b><span style=\"font-weight: 400;\">Local: HORTO FONSECA<br \/><\/span><span style=\"font-weight: 400;\">Hor\u00e1rio: 15 \u00e0s 19hs\u00a0<\/span><\/p>\n<p><b>A\u00e7\u00e3o mulher<br \/><\/b>Local: Quadra de Santa B\u00e1rbara<br \/><span style=\"font-weight: 400;\">Hor\u00e1rio: 09:00 as 13:00<\/span><\/p>\n<p><b>Roda de conversa nas feiras do Circuito Ararib\u00f3ia de Niter\u00f3i<br \/><\/b><span style=\"font-weight: 400;\">Local: Terminal Centro Niter\u00f3i<br \/><\/span><span style=\"font-weight: 400;\">Hor\u00e1rio: 14h<\/span><\/p>\n<p>[\/et_pb_text][\/et_pb_column][et_pb_column type=&#8221;2_5&#8243; _builder_version=&#8221;4.24.3&#8243; _module_preset=&#8221;default&#8221; background_color=&#8221;#FFFFFF&#8221; custom_padding=&#8221;20px|30px|20px|30px|true|true&#8221; border_radii=&#8221;on|10px|10px|10px|10px&#8221; border_width_all=&#8221;1px&#8221; border_color_all=&#8221;rgba(0,0,0,0.1)&#8221; global_colors_info=&#8221;{}&#8221;][et_pb_text _builder_version=&#8221;4.24.3&#8243; _module_preset=&#8221;default&#8221; header_2_font=&#8221;|700|||||||&#8221; header_2_font_size=&#8221;28px&#8221; header_3_font=&#8221;|700|||||||&#8221; header_3_text_color=&#8221;#902780&#8243; hover_enabled=&#8221;0&#8243; global_colors_info=&#8221;{}&#8221; sticky_enabled=&#8221;0&#8243;]<\/p>\n<h2>15 de mar\u00e7o<\/h2>\n<h3>Domingo<\/h3>\n<p><b>3\u00aa Caminhada da Mulher 2026<br \/><\/b>Hor\u00e1rio: das 8h30 \u00e0s 11h30<br \/>Local de partida: Centro de Atendimento ao Turista (CAT \u2013 quiosque Neltur), Boa Viagem Chegada: Igreja S\u00e3o Judas Tadeu, Praia de Icara\u00ed<\/p>\n<p>[\/et_pb_text][\/et_pb_column][\/et_pb_row][et_pb_row column_structure=&#8221;1_2,1_2&#8243; use_custom_gutter=&#8221;on&#8221; gutter_width=&#8221;2&#8243; _builder_version=&#8221;4.24.3&#8243; _module_preset=&#8221;default&#8221; global_colors_info=&#8221;{}&#8221; locked=&#8221;off&#8221;][et_pb_column type=&#8221;1_2&#8243; _builder_version=&#8221;4.24.3&#8243; _module_preset=&#8221;default&#8221; background_color=&#8221;#FFFFFF&#8221; custom_padding=&#8221;20px|30px|20px|30px|true|true&#8221; border_radii=&#8221;on|10px|10px|10px|10px&#8221; border_width_all=&#8221;1px&#8221; border_color_all=&#8221;rgba(0,0,0,0.1)&#8221; global_colors_info=&#8221;{}&#8221;][et_pb_text _builder_version=&#8221;4.24.3&#8243; _module_preset=&#8221;default&#8221; header_2_font=&#8221;|700|||||||&#8221; header_2_font_size=&#8221;28px&#8221; header_3_font=&#8221;|700|||||||&#8221; header_3_text_color=&#8221;#902780&#8243; hover_enabled=&#8221;0&#8243; global_colors_info=&#8221;{}&#8221; sticky_enabled=&#8221;0&#8243;]<\/p>\n<h2>16 de mar\u00e7o<\/h2>\n<h3>Segunda-feira<\/h3>\n<p><b>Forma\u00e7\u00e3o Lil\u00e1s <br \/><\/b>Local: Caminho Niemeyer<br \/><span style=\"font-weight: 400;\">Hor\u00e1rio 14h<\/span><\/p>\n<p><b>Sorteio de ingressos culturais para as mulheres servidoras da SEPLAG(Restrito) <br \/><\/b>Local: Online\u00a0<br \/><span style=\"font-weight: 400;\">Hor\u00e1rio:10h<\/span><\/p>\n<p>[\/et_pb_text][\/et_pb_column][et_pb_column type=&#8221;1_2&#8243; _builder_version=&#8221;4.24.3&#8243; _module_preset=&#8221;default&#8221; background_color=&#8221;#FFFFFF&#8221; custom_padding=&#8221;20px|30px|20px|30px|true|true&#8221; border_radii=&#8221;on|10px|10px|10px|10px&#8221; border_width_all=&#8221;1px&#8221; border_color_all=&#8221;rgba(0,0,0,0.1)&#8221; global_colors_info=&#8221;{}&#8221;][et_pb_text _builder_version=&#8221;4.24.3&#8243; _module_preset=&#8221;default&#8221; header_2_font=&#8221;|700|||||||&#8221; header_2_font_size=&#8221;28px&#8221; header_3_font=&#8221;|700|||||||&#8221; header_3_text_color=&#8221;#902780&#8243; hover_enabled=&#8221;0&#8243; global_colors_info=&#8221;{}&#8221; sticky_enabled=&#8221;0&#8243;]<\/p>\n<h2>17 de mar\u00e7o<\/h2>\n<h3>Ter\u00e7a-feira<\/h3>\n<p><b>Aula Inaugural do Mulher L\u00edder<br \/><\/b>Local: Espa\u00e7o Empreender Mulher<br \/><span style=\"font-weight: 400;\">Hor\u00e1rio: 13:30\u00a0<\/span><\/p>\n<p><b>Mulheres: Fortalecendo a Rede Municipal de Direitos Humanos<br \/><\/b><span style=\"font-weight: 400;\"><\/span><span style=\"font-weight: 400;\">Local: Ambiente Virtual &#8211; Google Meet (Inscri\u00e7\u00e3o pr\u00e9via pelo CMDH)<br \/><\/span><span style=\"font-weight: 400;\">Hor\u00e1rio: 18:30<\/span><\/p>\n<p>[\/et_pb_text][\/et_pb_column][\/et_pb_row][et_pb_row column_structure=&#8221;3_5,2_5&#8243; use_custom_gutter=&#8221;on&#8221; gutter_width=&#8221;2&#8243; _builder_version=&#8221;4.24.3&#8243; _module_preset=&#8221;default&#8221; global_colors_info=&#8221;{}&#8221; locked=&#8221;off&#8221;][et_pb_column type=&#8221;3_5&#8243; _builder_version=&#8221;4.24.3&#8243; _module_preset=&#8221;default&#8221; background_color=&#8221;#FFFFFF&#8221; custom_padding=&#8221;20px|30px|20px|30px|true|true&#8221; border_radii=&#8221;on|10px|10px|10px|10px&#8221; border_width_all=&#8221;1px&#8221; border_color_all=&#8221;rgba(0,0,0,0.1)&#8221; global_colors_info=&#8221;{}&#8221;][et_pb_text _builder_version=&#8221;4.24.3&#8243; _module_preset=&#8221;default&#8221; header_2_font=&#8221;|700|||||||&#8221; header_2_font_size=&#8221;28px&#8221; header_3_font=&#8221;|700|||||||&#8221; header_3_text_color=&#8221;#902780&#8243; hover_enabled=&#8221;0&#8243; global_colors_info=&#8221;{}&#8221; sticky_enabled=&#8221;0&#8243;]<\/p>\n<h2>18 de mar\u00e7o<\/h2>\n<h3>Quarta-feira<\/h3>\n<p><b>Pr\u00eamio das Servidoras: Teatro Popular Caminho Niemeyer<\/b><\/p>\n<p><b>MUDAN\u00c7A \u00c9 POSS\u00cdVEL QUANDO H\u00c1 VONTADE POL\u00cdTICA (RESTRITA) <br \/><\/b>Local: HOSPITAL GET\u00daLIO VARGAS FILHO<br \/><span style=\"font-weight: 400;\">Hor\u00e1rio:9H \u00c0S 17H<\/span><\/p>\n<p><b>Roda de Conversa ministrado pela Dra. Thereza Cypreste sobre\u00a0 Menopausa<br \/><\/b>Local: Audit\u00f3rio Prefeitura de Niter\u00f3i &#8211; 9* (nono andar) &#8211; Rua Visconde de Sepetiba, 987- Centro &#8211; Niter\u00f3i &#8211; RJ<br \/><span style=\"font-weight: 400;\">Hor\u00e1rio:15 horas<\/span><\/p>\n<p><b>III Mulheres Plurais em Rede: relatos de vida, doc\u00eancia, esperan\u00e7a e luta<br \/><\/b>Local: Canal Educa\u00e7\u00e3o Niter\u00f3i (YouTube)<br \/><span style=\"font-weight: 400;\">Hor\u00e1rio:18h<\/span><\/p>\n<p><span style=\"font-weight: 400;\">Interesse em convidar profissionais da SMMU para refletir sobre os Programas Dignidade Menstrual e Guardi\u00e3s Maria da Penha<\/span><\/p>\n<p><b>Roda de conversa nas feiras do Circuito Ararib\u00f3ia de Niter\u00f3i<br \/><\/b>Local: Terminal Centro Niter\u00f3i<br \/><span style=\"font-weight: 400;\">Hor\u00e1rio: 14h<\/span><\/p>\n<p><b>Roda de conversa &#8211; Viol\u00eancia contra a mulher &#8211; informa\u00e7\u00e3o como estrat\u00e9gia de cuidado<br \/><\/b>Local: MMF Cafub\u00e1 II<br \/><span style=\"font-weight: 400;\">Hor\u00e1rio: 10H<\/span><\/p>\n<p>[\/et_pb_text][\/et_pb_column][et_pb_column type=&#8221;2_5&#8243; _builder_version=&#8221;4.24.3&#8243; _module_preset=&#8221;default&#8221; background_color=&#8221;#FFFFFF&#8221; custom_padding=&#8221;20px|30px|20px|30px|true|true&#8221; border_radii=&#8221;on|10px|10px|10px|10px&#8221; border_width_all=&#8221;1px&#8221; border_color_all=&#8221;rgba(0,0,0,0.1)&#8221; global_colors_info=&#8221;{}&#8221;][et_pb_text _builder_version=&#8221;4.24.3&#8243; _module_preset=&#8221;default&#8221; header_2_font=&#8221;|700|||||||&#8221; header_2_font_size=&#8221;28px&#8221; header_3_font=&#8221;|700|||||||&#8221; header_3_text_color=&#8221;#902780&#8243; hover_enabled=&#8221;0&#8243; global_colors_info=&#8221;{}&#8221; sticky_enabled=&#8221;0&#8243;]<\/p>\n<h2>19 de mar\u00e7o<\/h2>\n<h3>Quinta-feira<\/h3>\n<p><b>Paciente Sou Eu! Cl\u00ednica de Direitos Humanos no Enfrentamento da Misoginia\/Misogynoir<br \/><\/b>Local: Bloco H, sala H502, Campus Praia Vermelha &#8211; Universidade Federal Fluminense<br \/><span style=\"font-weight: 400;\">Hor\u00e1rio: 14 \u00e0s 16h\u00a0<\/span><\/p>\n<p><b>MEU PRAZER N\u00c3O TEM CULPA \u2013 Do Sil\u00eancio \u00e0 Dignidade: Uma Noite de Mem\u00f3ria e Liberta\u00e7\u00e3o <br \/><\/b>Local: Audit\u00f3rio do Caminho Niemeyer<br \/><span style=\"font-weight: 400;\">Hor\u00e1rio: 19h \u00e0s 21h\u00a0<\/span><\/p>\n<p><b>Roda de conversa nas feiras do Circuito Ararib\u00f3ia de Niter\u00f3i<br \/><\/b><span style=\"font-weight: 400;\">Local: Terminal Centro Niter\u00f3i<br \/><\/span><span style=\"font-weight: 400;\">Hor\u00e1rio: 14h<\/span><\/p>\n<p>[\/et_pb_text][\/et_pb_column][\/et_pb_row][et_pb_row column_structure=&#8221;2_5,3_5&#8243; use_custom_gutter=&#8221;on&#8221; gutter_width=&#8221;2&#8243; _builder_version=&#8221;4.24.3&#8243; _module_preset=&#8221;default&#8221; hover_enabled=&#8221;0&#8243; global_colors_info=&#8221;{}&#8221; locked=&#8221;off&#8221; sticky_enabled=&#8221;0&#8243;][et_pb_column type=&#8221;2_5&#8243; _builder_version=&#8221;4.24.3&#8243; _module_preset=&#8221;default&#8221; background_color=&#8221;#FFFFFF&#8221; custom_padding=&#8221;20px|30px|20px|30px|true|true&#8221; border_radii=&#8221;on|10px|10px|10px|10px&#8221; border_width_all=&#8221;1px&#8221; border_color_all=&#8221;rgba(0,0,0,0.1)&#8221; global_colors_info=&#8221;{}&#8221;][et_pb_text _builder_version=&#8221;4.24.3&#8243; _module_preset=&#8221;default&#8221; header_2_font=&#8221;|700|||||||&#8221; header_2_font_size=&#8221;28px&#8221; header_3_font=&#8221;|700|||||||&#8221; header_3_text_color=&#8221;#902780&#8243; hover_enabled=&#8221;0&#8243; global_colors_info=&#8221;{}&#8221; sticky_enabled=&#8221;0&#8243;]<\/p>\n<h2>20 de mar\u00e7o<\/h2>\n<h3>Sexta-feira<\/h3>\n<p><b>Conversa complementar- MMF Prevent\u00f3rio <br \/><\/b>Hor\u00e1rio: 13h \u00e1s 18h<br \/><span style=\"font-weight: 400;\">Local: MMF Prevent\u00f3rio\u00a0<\/span><\/p>\n<p><b>OS VENTRES DO VENTRE DO SAMBA (RESTRITO)\u00a0 <br \/><\/b>Local: Oficina Ventre do Samba -Rua 22 de maio- Barreto\/Niter\u00f3i<br \/><span style=\"font-weight: 400;\">Hor\u00e1rio: 16h<\/span><\/p>\n<p><b>EMERG\u00caNCIAS CLIM\u00c1TICAS: al\u00e9m de adapta\u00e7\u00e3o e mitiga\u00e7\u00e3o <\/b>Local:Av Amaral Peixoto 178 2 andar<br \/><span style=\"font-weight: 400;\">Hor\u00e1rio:14h<\/span><\/p>\n<p><b>Sa\u00fade, bem-estar e longevidade <br \/><\/b>Local: Instituto de Biologia da UFF<br \/><span style=\"font-weight: 400;\">Hor\u00e1rio:14h<\/span><\/p>\n<p><b>Roda de conversa nas feiras do Circuito Ararib\u00f3ia de Niter\u00f3i<br \/><\/b>Local: Terminal Centro Niter\u00f3i<br \/><span style=\"font-weight: 400;\">Hor\u00e1rio: 14h<\/span><\/p>\n<p>[\/et_pb_text][\/et_pb_column][et_pb_column type=&#8221;3_5&#8243; _builder_version=&#8221;4.24.3&#8243; _module_preset=&#8221;default&#8221; background_color=&#8221;#FFFFFF&#8221; custom_padding=&#8221;20px|30px|20px|30px|true|true&#8221; border_radii=&#8221;on|10px|10px|10px|10px&#8221; border_width_all=&#8221;1px&#8221; border_color_all=&#8221;rgba(0,0,0,0.1)&#8221; global_colors_info=&#8221;{}&#8221;][et_pb_text _builder_version=&#8221;4.24.3&#8243; _module_preset=&#8221;default&#8221; header_2_font=&#8221;|700|||||||&#8221; header_2_font_size=&#8221;28px&#8221; header_3_font=&#8221;|700|||||||&#8221; header_3_text_color=&#8221;#902780&#8243; hover_enabled=&#8221;0&#8243; global_colors_info=&#8221;{}&#8221; sticky_enabled=&#8221;0&#8243;]<\/p>\n<h2>21 de mar\u00e7o<\/h2>\n<h3>S\u00e1bado<\/h3>\n<p><b>1.0 Preven\u00e7\u00e3o e Cuidado com o C\u00e2ncer de Mama e de \u00datero (Mar\u00e7o Lil\u00e1s 2026)<br \/><\/b>Local: Unidades do MMF das regi\u00f5es Pendotiba e Praias da Baia 2<br \/><span style=\"font-weight: 400;\">Hor\u00e1rio: 8 \u00e0s 13h<\/span><\/p>\n<p><b>Pedalar Paineiras <br \/><\/b>Local: Condom\u00ednio Jardim das Paineiras (Estr. Guilhermina Bastos, 804 &#8211; Badu, Niter\u00f3i &#8211; RJ).<br \/><span style=\"font-weight: 400;\">Hor\u00e1rio: 9h \u00e0s 14h<\/span><\/p>\n<p><b>Cora\u00e7\u00f5es em Movimento <br \/><\/b>Local:Centro Cultural Cauby Peixoto (a confirmar)<br \/><span style=\"font-weight: 400;\">Hor\u00e1rio: 17h inicio termino 19h<\/span><\/p>\n<p><b>Evento em comemora\u00e7\u00e3o ao m\u00eas da Mulher<br \/><\/b>Local:Empreendimento Residencial Jardim das Paineiras, Estrada Guilhermina Bastos, n\u00b0 804, Badu, Niter\u00f3i.<br \/><span style=\"font-weight: 400;\">Hor\u00e1rio: 09:00 \u00e0s 14:00 <\/span><span style=\"font-weight: 400;\"><br \/><\/span><span style=\"font-weight: 400;\"><\/span><\/p>\n<p><span style=\"font-weight: 400;\">A\u00e7\u00e3o integrada de mobilidade urbana, cultura, lazer e inclus\u00e3o social, que utiliza a bicicleta como ferramenta de transforma\u00e7\u00e3o social em regi\u00f5es perif\u00e9ricas da cidade. O evento promove as ativa\u00e7\u00f5es de educa\u00e7\u00e3o no tr\u00e2nsito, mec\u00e2nica b\u00e1sica, ocupa\u00e7\u00e3o positiva dos espa\u00e7os p\u00fablicos, valoriza\u00e7\u00e3o da cultura local e fortalecimento do senso de pertencimento comunit\u00e1rio. A iniciativa tem como alcance as tem\u00e1ticas de mobilidade urbana sustent\u00e1vel, justi\u00e7a clim\u00e1tica, incentivo \u00e0 conviv\u00eancia comunit\u00e1ria e valoriza\u00e7\u00e3o de artistas e trabalhadores locais. Sendo como p\u00fablico alvo moradores da comunidade do Badu e os parceiros do evento s\u00e3o Projeto Social Pedalar, SEMOB, Niteroi de Bicicleta, Secretaria de Habita\u00e7\u00e3o, Secretaria da Mulher, Secretaria de Saude e CLIN.<\/span><\/p>\n<p><b>Turistando com elas <br \/><\/b>Local:Ponto de encontro &#8211; Caminho Niemeyer<br \/><span style=\"font-weight: 400;\">Hor\u00e1rio: 09h<br \/><\/span><span style=\"font-weight: 400;\"><\/span><\/p>\n<p><span style=\"font-weight: 400;\">O \u00f4nibus partir\u00e1 do caminho Niemeyer far\u00e1 o city tour passando por alguns atrativos da cidade finalizando a atividade no horto do Fonseca com Pic Nic coletivo\u00a0<\/span><\/p>\n<p><b>Roda de conversa nas feiras do Circuito Ararib\u00f3ia de Niter\u00f3i<br \/><\/b><span style=\"font-weight: 400;\">Local: Terminal Centro Niter\u00f3i<br \/><\/span><span style=\"font-weight: 400;\">Hor\u00e1rio: 14h<\/span><\/p>\n<p>[\/et_pb_text][\/et_pb_column][\/et_pb_row][et_pb_row column_structure=&#8221;1_2,1_2&#8243; use_custom_gutter=&#8221;on&#8221; gutter_width=&#8221;2&#8243; _builder_version=&#8221;4.24.3&#8243; _module_preset=&#8221;default&#8221; hover_enabled=&#8221;0&#8243; global_colors_info=&#8221;{}&#8221; locked=&#8221;off&#8221; sticky_enabled=&#8221;0&#8243;][et_pb_column type=&#8221;1_2&#8243; _builder_version=&#8221;4.24.3&#8243; _module_preset=&#8221;default&#8221; background_color=&#8221;#FFFFFF&#8221; custom_padding=&#8221;20px|30px|20px|30px|true|true&#8221; border_radii=&#8221;on|10px|10px|10px|10px&#8221; border_width_all=&#8221;1px&#8221; border_color_all=&#8221;rgba(0,0,0,0.1)&#8221; global_colors_info=&#8221;{}&#8221;][et_pb_text _builder_version=&#8221;4.24.3&#8243; _module_preset=&#8221;default&#8221; header_2_font=&#8221;|700|||||||&#8221; header_2_font_size=&#8221;28px&#8221; header_3_font=&#8221;|700|||||||&#8221; header_3_text_color=&#8221;#902780&#8243; hover_enabled=&#8221;0&#8243; global_colors_info=&#8221;{}&#8221; sticky_enabled=&#8221;0&#8243;]<\/p>\n<h2>22 de mar\u00e7o<\/h2>\n<h3>Domingo<\/h3>\n<p><b>TRADI\u00c7\u00c3O DO PARNASO<br \/><\/b>Local: Horto do Fonseca \u2013 Fonseca \/ Niter\u00f3i<br \/><span style=\"font-weight: 400;\">Hor\u00e1rio: 10h \u00e0s 14h<\/span><\/p>\n<p><b>TRAN\u00c7ANDO AUTOESTIMA<br \/><\/b>Local: Campo de S\u00e3o Bento \u2013 Niter\u00f3i<br \/><span style=\"font-weight: 400;\">Hor\u00e1rio: 09h<\/span><\/p>\n<p><b>Sorteio de dois kits para a corrida do t\u00fanel para as mulheres servidoras da SEPLAG (Restrito) <br \/><\/b>Local: SEPLAG\u00a0<br \/><span style=\"font-weight: 400;\">Hor\u00e1rio: 07:15 <\/span><\/p>\n<p>[\/et_pb_text][\/et_pb_column][et_pb_column type=&#8221;1_2&#8243; _builder_version=&#8221;4.24.3&#8243; _module_preset=&#8221;default&#8221; background_color=&#8221;#FFFFFF&#8221; custom_padding=&#8221;20px|30px|20px|30px|true|true&#8221; border_radii=&#8221;on|10px|10px|10px|10px&#8221; border_width_all=&#8221;1px&#8221; border_color_all=&#8221;rgba(0,0,0,0.1)&#8221; global_colors_info=&#8221;{}&#8221;][et_pb_text _builder_version=&#8221;4.24.3&#8243; _module_preset=&#8221;default&#8221; header_2_font=&#8221;|700|||||||&#8221; header_2_font_size=&#8221;28px&#8221; header_3_font=&#8221;|700|||||||&#8221; header_3_text_color=&#8221;#902780&#8243; hover_enabled=&#8221;0&#8243; global_colors_info=&#8221;{}&#8221; sticky_enabled=&#8221;0&#8243;]<\/p>\n<h2>24 de mar\u00e7o<\/h2>\n<h3>Ter\u00e7a-feira<\/h3>\n<p><b>AL\u00c9M DAS TELAS <\/b><b>\u00a0(RESTRITA) <br \/><\/b>Local: CETEC \u2013 Niter\u00f3i<br \/><span style=\"font-weight: 400;\">Hor\u00e1rio: 14h<\/span><\/p>\n<p><b>Embaixatrizes da Cidadania: Juventudes Femininas e Democracia no Territ\u00f3rio) (RESTRITA)\u00a0<br \/><\/b><span style=\"font-weight: 400;\"><\/span><span style=\"font-weight: 400;\">Local: Escola Municipal Paulo Freire<br \/><\/span><span style=\"font-weight: 400;\">Hor\u00e1rio: 09h \u00e1s 11h\u00a0<\/span><\/p>\n<p>[\/et_pb_text][\/et_pb_column][\/et_pb_row][et_pb_row column_structure=&#8221;1_2,1_2&#8243; use_custom_gutter=&#8221;on&#8221; gutter_width=&#8221;2&#8243; _builder_version=&#8221;4.24.3&#8243; _module_preset=&#8221;default&#8221; hover_enabled=&#8221;0&#8243; global_colors_info=&#8221;{}&#8221; locked=&#8221;off&#8221; sticky_enabled=&#8221;0&#8243;][et_pb_column type=&#8221;1_2&#8243; _builder_version=&#8221;4.24.3&#8243; _module_preset=&#8221;default&#8221; background_color=&#8221;#FFFFFF&#8221; custom_padding=&#8221;20px|30px|20px|30px|true|true&#8221; border_radii=&#8221;on|10px|10px|10px|10px&#8221; border_width_all=&#8221;1px&#8221; border_color_all=&#8221;rgba(0,0,0,0.1)&#8221; global_colors_info=&#8221;{}&#8221;][et_pb_text _builder_version=&#8221;4.24.3&#8243; _module_preset=&#8221;default&#8221; header_2_font=&#8221;|700|||||||&#8221; header_2_font_size=&#8221;28px&#8221; header_3_font=&#8221;|700|||||||&#8221; header_3_text_color=&#8221;#902780&#8243; hover_enabled=&#8221;0&#8243; global_colors_info=&#8221;{}&#8221; sticky_enabled=&#8221;0&#8243;]<\/p>\n<h2>25 de mar\u00e7o<\/h2>\n<h3>Quarta-feira<\/h3>\n<p><b>INSPIRA\u00c7\u00c3O GRIOT E AS RELAC\u0327O\u0303ES E\u0301TNICO-RACIAIS | FEIRA DE LIVROS AFROS<br \/><\/b>Local: Escola Municipal Paulo Freire \u2013 R. Soares de Miranda, 77 \u2013 Fonseca \/ Niter\u00f3i<br \/><span style=\"font-weight: 400;\">Hor\u00e1rio: 10h \u00e0s 12h<\/span><\/p>\n<p><b>ESCRITA AFETIVA: INSTRUMENTO DE EXPRESS\u00c3O, MEM\u00d3RIA E FORTALECIMENTO DA MULHER<br \/><\/b>Local: Biblioteca Popular Municipal Aguinaldo Pereira \u2013 Vila Ipiranga \/ Niter\u00f3i<br \/><span style=\"font-weight: 400;\">Hor\u00e1rio: 14h \u00e0s 16h30<\/span><\/p>\n<p><b>Curso: Programadoras Tech 2026 <br \/><\/b>Local: Pra\u00e7a Jos\u00e9 Vicente Sobrinho &#8211; Engenhoca, Niter\u00f3i<br \/><span style=\"font-weight: 400;\">Hor\u00e1rio: 17h \u00e0s 20h<\/span><\/p>\n<p><b>Mulheres com a Nittrans ) (RESTRITA) <br \/><\/b>Local:Nittrans<br \/><span style=\"font-weight: 400;\">Hor\u00e1rio: 10h<\/span><\/p>\n<p><b>O que nunca nos contaram sobre o prazer feminino!<br \/><\/b>Local: Mercado Municipal\u00a0<br \/><span style=\"font-weight: 400;\">Hor\u00e1rio:19h\u00a0<\/span><\/p>\n<p>[\/et_pb_text][\/et_pb_column][et_pb_column type=&#8221;1_2&#8243; _builder_version=&#8221;4.24.3&#8243; _module_preset=&#8221;default&#8221; background_color=&#8221;#FFFFFF&#8221; custom_padding=&#8221;20px|30px|20px|30px|true|true&#8221; border_radii=&#8221;on|10px|10px|10px|10px&#8221; border_width_all=&#8221;1px&#8221; border_color_all=&#8221;rgba(0,0,0,0.1)&#8221; global_colors_info=&#8221;{}&#8221;][et_pb_text _builder_version=&#8221;4.24.3&#8243; _module_preset=&#8221;default&#8221; header_2_font=&#8221;|700|||||||&#8221; header_2_font_size=&#8221;28px&#8221; header_3_font=&#8221;|700|||||||&#8221; header_3_text_color=&#8221;#902780&#8243; hover_enabled=&#8221;0&#8243; global_colors_info=&#8221;{}&#8221; sticky_enabled=&#8221;0&#8243;]<\/p>\n<h2>26 de mar\u00e7o<\/h2>\n<h3>Quinta-feira<\/h3>\n<p><b>Convite para capacita\u00e7\u00e3o de equipe NAECAA\/Centro\u00a0<\/b><span style=\"font-weight: 400;\"> <\/span><span style=\"font-weight: 400;\"><br \/><\/span><span style=\"font-weight: 400;\">Local: NIEPS <\/span><span style=\"font-weight: 400;\"><br \/><\/span><span style=\"font-weight: 400;\">Hor\u00e1rio: 09:30 \u00e1s 11:30\u00a0<\/span><\/p>\n<p><b>PALESTRA<br \/><\/b><span style=\"font-weight: 400;\">Local: Audit\u00f3rio Pestalozzi \u2013 Niter\u00f3i<br \/><\/span><span style=\"font-weight: 400;\">Hor\u00e1rio: 11h<\/span><\/p>\n<p><b>Viol\u00eancia Digital contra Meninas e Mulheres- Vamos Conversar?<br \/><\/b>Local: Instituto Teatro Novo _ Rua Gen. Andrade Neves, 281 S\u00e3o Domingos<br \/><b><\/b><span style=\"font-weight: 400;\">Hor\u00e1rio: 18h<\/span><\/p>\n<p><b>Or\u00e1culo de Minhas Insurg\u00eancias<br \/><\/b><span style=\"font-weight: 400;\">Local: Centro cultural\u00a0 Cauby Peixoto 263<br \/><\/span><span style=\"font-weight: 400;\">Hor\u00e1rio: 19h<\/span><\/p>\n<p>[\/et_pb_text][\/et_pb_column][\/et_pb_row][et_pb_row column_structure=&#8221;3_5,2_5&#8243; use_custom_gutter=&#8221;on&#8221; gutter_width=&#8221;2&#8243; _builder_version=&#8221;4.24.3&#8243; _module_preset=&#8221;default&#8221; hover_enabled=&#8221;0&#8243; global_colors_info=&#8221;{}&#8221; locked=&#8221;off&#8221; sticky_enabled=&#8221;0&#8243;][et_pb_column type=&#8221;3_5&#8243; _builder_version=&#8221;4.24.3&#8243; _module_preset=&#8221;default&#8221; background_color=&#8221;#FFFFFF&#8221; custom_padding=&#8221;20px|30px|20px|30px|true|true&#8221; border_radii=&#8221;on|10px|10px|10px|10px&#8221; border_width_all=&#8221;1px&#8221; border_color_all=&#8221;rgba(0,0,0,0.1)&#8221; global_colors_info=&#8221;{}&#8221;][et_pb_text _builder_version=&#8221;4.24.3&#8243; _module_preset=&#8221;default&#8221; header_2_font=&#8221;|700|||||||&#8221; header_2_font_size=&#8221;28px&#8221; header_3_font=&#8221;|700|||||||&#8221; header_3_text_color=&#8221;#902780&#8243; hover_enabled=&#8221;0&#8243; global_colors_info=&#8221;{}&#8221; sticky_enabled=&#8221;0&#8243;]<\/p>\n<h2>27 de mar\u00e7o<\/h2>\n<h3>Sexta-feira<\/h3>\n<p><b>Aula Sobre Letramento Racial Na UFF<br \/><\/b><span style=\"font-weight: 400;\">Hor\u00e1rio: 09h\u00a0<br \/><\/span><span style=\"font-weight: 400;\">Local: UFF do valonguinho<\/span><\/p>\n<p><b><\/b><b>MULHERES REAIS<br \/><\/b><span style=\"font-weight: 400;\">Local: Sede da Associa\u00e7\u00e3o Marcelo Decolores \u2013 Niter\u00f3i<br \/><\/span><span style=\"font-weight: 400;\">Hor\u00e1rio: 13h \u00e0s 16h<\/span><\/p>\n<p><span style=\"font-weight: 400;\">A a\u00e7\u00e3o ter\u00e1 servi\u00e7os como: auriculoterapia; massoterapia; aferi\u00e7\u00e3o de press\u00e3o arterial; vacina da gripe; corte de cabelo; sobrancelha e mudas. Al\u00e9m disso, acontecer\u00e1 palestras com profissionais de sa\u00fade do PMF V\u00f3 Tereza e oficina de artesanato. Os apoiadores do evento s\u00e3o: Administra\u00e7\u00e3o Regional Ponta d&#8217;Areia; FeSa\u00fade; Instituto MIX; Est\u00fadio EI; UPLEM e CLIN.<\/span><\/p>\n<p><b>PR\u00caMIO ESPERAN\u00c7A GARCIA<br \/><\/b>Local: Audit\u00f3rio do Hospital Municipal Carlos Tortelly \u2013 Niter\u00f3i<br \/><span style=\"font-weight: 400;\">Hor\u00e1rio: 14h<\/span><\/p>\n<p><span style=\"font-weight: 400;\">Thai foi convidada para ser premiada: Encaminhado para Lessa.\u00a0<\/span><\/p>\n<p><b>MASTER NAILS | ESCOLHIDAS PARA VOAR<br \/><\/b><\/p>\n<p><b>ECOTUR com elas<br \/><\/b>Local: Museu de arqueologia de Itaipu<br \/><span style=\"font-weight: 400;\">Hor\u00e1rio: 09h\u00a0<\/span><\/p>\n<p><b>Homenagem \u00e0s Mulheres de Luta. (Restrita)<\/b><span style=\"font-weight: 400;\"> <br \/><\/span><span style=\"font-weight: 400;\">Local: audit\u00f3rio do HMCT<br \/><\/span><span style=\"font-weight: 400;\">Hor\u00e1rio: 14h<\/span><\/p>\n<p>[\/et_pb_text][\/et_pb_column][et_pb_column type=&#8221;2_5&#8243; _builder_version=&#8221;4.24.3&#8243; _module_preset=&#8221;default&#8221; background_color=&#8221;#FFFFFF&#8221; custom_padding=&#8221;20px|30px|20px|30px|true|true&#8221; border_radii=&#8221;on|10px|10px|10px|10px&#8221; border_width_all=&#8221;1px&#8221; border_color_all=&#8221;rgba(0,0,0,0.1)&#8221; global_colors_info=&#8221;{}&#8221;][et_pb_text _builder_version=&#8221;4.24.3&#8243; _module_preset=&#8221;default&#8221; header_2_font=&#8221;|700|||||||&#8221; header_2_font_size=&#8221;28px&#8221; header_3_font=&#8221;|700|||||||&#8221; header_3_text_color=&#8221;#902780&#8243; hover_enabled=&#8221;0&#8243; global_colors_info=&#8221;{}&#8221; sticky_enabled=&#8221;0&#8243;]<\/p>\n<h2>28 de mar\u00e7o<\/h2>\n<h3>S\u00e1bado<\/h3>\n<p><b>Festival Mulher: Dia inteiro<\/b><\/p>\n<p><b>PLEN\u00c1RIA DE ORGANIZA\u00c7\u00c3O<br \/><\/b><span style=\"font-weight: 400;\">Local: CEAM \u2013 Rua Francisco Consul Cruz, 49 \u2013 Niter\u00f3i<br \/><\/span><span style=\"font-weight: 400;\">Hor\u00e1rio: 09h \u00e0s 13h<\/span><\/p>\n<p><b>PREVEN\u00c7\u00c3O E CUIDADO COM O C\u00c2NCER DE MAMA E DE \u00daTERO (MAR\u00c7O LIL\u00c1S 2026)<br \/><\/b>Local: Todas as Unidades dos M\u00f3dulos M\u00e9dicos de Fam\u00edlia \u2013 Niter\u00f3i<br \/><span style=\"font-weight: 400;\">Hor\u00e1rio: 08h \u00e0s 17h<\/span><\/p>\n<p><b>Roda de conversa nas feiras do Circuito Ararib\u00f3ia de Niter\u00f3i\u00a0<br \/><\/b>Local: Pra\u00e7a das Am\u00eandoas de Itaipu<br \/><b><\/b><span style=\"font-weight: 400;\">Hor\u00e1rio:9h<\/span><\/p>\n<p><b>Copa das Mulheres<br \/><\/b>Local: Parque Esportivo e Social do Caramujo (PESC), Rua do Alto130, Caramujo em Niter\u00f3i<br \/><span style=\"font-weight: 400;\">Hor\u00e1rio: 08h<\/span><\/p>\n<p>[\/et_pb_text][\/et_pb_column][\/et_pb_row][et_pb_row column_structure=&#8221;3_5,2_5&#8243; use_custom_gutter=&#8221;on&#8221; gutter_width=&#8221;2&#8243; _builder_version=&#8221;4.24.3&#8243; _module_preset=&#8221;default&#8221; hover_enabled=&#8221;0&#8243; global_colors_info=&#8221;{}&#8221; locked=&#8221;off&#8221; sticky_enabled=&#8221;0&#8243;][et_pb_column type=&#8221;3_5&#8243; _builder_version=&#8221;4.24.3&#8243; _module_preset=&#8221;default&#8221; background_color=&#8221;#FFFFFF&#8221; custom_padding=&#8221;20px|30px|20px|30px|true|true&#8221; border_radii=&#8221;on|10px|10px|10px|10px&#8221; border_width_all=&#8221;1px&#8221; border_color_all=&#8221;rgba(0,0,0,0.1)&#8221; global_colors_info=&#8221;{}&#8221;][et_pb_text _builder_version=&#8221;4.24.3&#8243; _module_preset=&#8221;default&#8221; header_2_font=&#8221;|700|||||||&#8221; header_2_font_size=&#8221;28px&#8221; header_3_font=&#8221;|700|||||||&#8221; header_3_text_color=&#8221;#902780&#8243; hover_enabled=&#8221;0&#8243; global_colors_info=&#8221;{}&#8221; sticky_enabled=&#8221;0&#8243;]<\/p>\n<h2>29 de mar\u00e7o<\/h2>\n<h3>Domingo<\/h3>\n<p><b>Festival Mulher: Dia inteiro\u00a0<\/b><\/p>\n<p><b>EMPREENDEDORISMO CULTURAL E SOCIAL<br \/><\/b>Local: Espa\u00e7o Mulher Empreendedoras (Mulher Linder) \u2013 Niter\u00f3i<br \/><span style=\"font-weight: 400;\">Hor\u00e1rio: 14h<\/span><\/p>\n<p>[\/et_pb_text][\/et_pb_column][et_pb_column type=&#8221;2_5&#8243; _builder_version=&#8221;4.24.3&#8243; _module_preset=&#8221;default&#8221; background_color=&#8221;#FFFFFF&#8221; custom_padding=&#8221;20px|30px|20px|30px|true|true&#8221; border_radii=&#8221;on|10px|10px|10px|10px&#8221; border_width_all=&#8221;1px&#8221; border_color_all=&#8221;rgba(0,0,0,0.1)&#8221; global_colors_info=&#8221;{}&#8221;][et_pb_text _builder_version=&#8221;4.24.3&#8243; _module_preset=&#8221;default&#8221; header_2_font=&#8221;|700|||||||&#8221; header_2_font_size=&#8221;28px&#8221; header_3_font=&#8221;|700|||||||&#8221; header_3_text_color=&#8221;#902780&#8243; hover_enabled=&#8221;0&#8243; global_colors_info=&#8221;{}&#8221; sticky_enabled=&#8221;0&#8243;]<\/p>\n<h2>30 de mar\u00e7o<\/h2>\n<h3>Segunda-feira<\/h3>\n<p><b>Encontro De Rede &#8211; Leste Fluminense\u00a0<br \/><\/b><span style=\"font-weight: 400;\">Hor\u00e1rio: 09h \u00e1s 17:30\u00a0<br \/><\/span><span style=\"font-weight: 400;\">Local: Caminho Niemeyer <\/span><\/p>\n<p>[\/et_pb_text][\/et_pb_column][\/et_pb_row][et_pb_row column_structure=&#8221;3_5,2_5&#8243; use_custom_gutter=&#8221;on&#8221; gutter_width=&#8221;2&#8243; _builder_version=&#8221;4.24.3&#8243; _module_preset=&#8221;default&#8221; hover_enabled=&#8221;0&#8243; global_colors_info=&#8221;{}&#8221; locked=&#8221;off&#8221; sticky_enabled=&#8221;0&#8243;][et_pb_column type=&#8221;3_5&#8243; _builder_version=&#8221;4.24.3&#8243; _module_preset=&#8221;default&#8221; background_color=&#8221;#FFFFFF&#8221; custom_padding=&#8221;20px|30px|20px|30px|true|true&#8221; border_radii=&#8221;on|10px|10px|10px|10px&#8221; border_width_all=&#8221;1px&#8221; border_color_all=&#8221;rgba(0,0,0,0.1)&#8221; global_colors_info=&#8221;{}&#8221;][et_pb_text _builder_version=&#8221;4.24.3&#8243; _module_preset=&#8221;default&#8221; header_2_font=&#8221;|700|||||||&#8221; header_2_font_size=&#8221;28px&#8221; header_3_font=&#8221;|700|||||||&#8221; header_3_text_color=&#8221;#902780&#8243; hover_enabled=&#8221;0&#8243; global_colors_info=&#8221;{}&#8221; sticky_enabled=&#8221;0&#8243;]<\/p>\n<h2>31 de mar\u00e7o<\/h2>\n<h3>Ter\u00e7a-feira<\/h3>\n<p><b>Secretaria na Rua\u00a0<\/b><span style=\"font-weight: 400;\"> <\/span><span style=\"font-weight: 400;\"><br \/><\/span><span style=\"font-weight: 400;\">Local: Ao lado do Terminal rodovi\u00e1rio de Niter\u00f3i<\/span><span style=\"font-weight: 400;\"><br \/><\/span><span style=\"font-weight: 400;\">Hor\u00e1rio: 13h \u00e1s 16:30\u00a0\u00a0<\/span><\/p>\n<p><b>TRANSFORMANDO DESAFIOS EM OPORTUNIDADE<br \/><\/b>Local: Casa Norival de Freitas (Solar Notre R\u00eav\u00e9) ou Audit\u00f3rio da Funda\u00e7\u00e3o de Educa\u00e7\u00e3o \u2013 Niter\u00f3i<br \/><span style=\"font-weight: 400;\">Hor\u00e1rio: 15h\u00a0<\/span><\/p>\n<p><b>Turistando com elas &#8211; Walking Tour<br \/><\/b>Local: Ponto de encontro &#8211; Pra\u00e7a arariboia<br \/><span style=\"font-weight: 400;\">Hor\u00e1rio: 09h\u00a0<\/span><\/p>\n<p><b>Mini document\u00e1rio mulheres da SEPLAG (restrito) <br \/><\/b><span style=\"font-weight: 400;\">Local: SEPLAG\u00a0<br \/><\/span><span style=\"font-weight: 400;\">Hor\u00e1rio: 10h\u00a0<\/span><\/p>\n<p><span style=\"font-weight: 400;\">Produ\u00e7\u00e3o de um curta-metragem pelo Labnit em formato de document\u00e1rio, reunindo entrevistas com as mulheres indicadas por cada subsecretaria por meio de um formul\u00e1rio online. A proposta \u00e9 apresentar conversas que revelem a trajet\u00f3ria, experi\u00eancias e aspectos pessoais dessas mulheres, indo al\u00e9m do ambiente de trabalho. O v\u00eddeo ser\u00e1 exibido durante o Caf\u00e9 com Boletim de Mar\u00e7o.<\/span><\/p>\n<p>[\/et_pb_text][\/et_pb_column][et_pb_column _builder_version=&#8221;4.24.3&#8243; _module_preset=&#8221;default&#8221; type=&#8221;2_5&#8243; hover_enabled=&#8221;0&#8243; sticky_enabled=&#8221;0&#8243;][\/et_pb_column][\/et_pb_row][\/et_pb_section][et_pb_section fb_built=&#8221;1&#8243; module_id=&#8221;carnavaldebairro&#8221; _builder_version=&#8221;4.24.3&#8243; _module_preset=&#8221;default&#8221; background_color=&#8221;#ff7100&#8243; top_divider_height=&#8221;30px&#8221; top_divider_repeat=&#8221;3x&#8221; locked=&#8221;off&#8221; global_colors_info=&#8221;{}&#8221;][et_pb_row _builder_version=&#8221;4.24.3&#8243; _module_preset=&#8221;default&#8221; global_colors_info=&#8221;{}&#8221;][et_pb_column type=&#8221;4_4&#8243; _builder_version=&#8221;4.24.3&#8243; _module_preset=&#8221;default&#8221; global_colors_info=&#8221;{}&#8221;][et_pb_code _builder_version=&#8221;4.24.3&#8243; _module_preset=&#8221;default&#8221; global_colors_info=&#8221;{}&#8221;]<script data-b24-form=\"inline\/25\/vg263n\" data-skip-moving=\"true\">(function(w,d,u){var s=d.createElement('script');s.async=true;s.src=u+'?'+(Date.now()\/180000|0);var h=d.getElementsByTagName('script')[0];h.parentNode.insertBefore(s,h);})(window,document,'https:\/\/cdn.bitrix24.com.br\/b30349105\/crm\/form\/loader_25.js');<\/script>[\/et_pb_code][\/et_pb_column][\/et_pb_row][\/et_pb_section][et_pb_section fb_built=&#8221;1&#8243; _builder_version=&#8221;4.24.3&#8243; _module_preset=&#8221;default&#8221; background_color=&#8221;#951e76&#8243; locked=&#8221;off&#8221; global_colors_info=&#8221;{}&#8221;][et_pb_row column_structure=&#8221;1_4,1_4,1_4,1_4&#8243; _builder_version=&#8221;4.24.3&#8243; _module_preset=&#8221;default&#8221; global_colors_info=&#8221;{}&#8221;][et_pb_column type=&#8221;1_4&#8243; _builder_version=&#8221;4.24.3&#8243; _module_preset=&#8221;default&#8221; global_colors_info=&#8221;{}&#8221;][et_pb_image src=&#8221;https:\/\/sites.niteroi.rj.gov.br\/mes-da-mulher\/wp-content\/uploads\/2026\/02\/LOGO_SEC_MULHER-V2-scaled.png&#8221; title_text=&#8221;LOGO_SEC_MULHER V2&#8243; _builder_version=&#8221;4.24.3&#8243; _module_preset=&#8221;default&#8221; width=&#8221;240px&#8221; global_colors_info=&#8221;{}&#8221;][\/et_pb_image][\/et_pb_column][et_pb_column type=&#8221;1_4&#8243; _builder_version=&#8221;4.24.3&#8243; _module_preset=&#8221;default&#8221; global_colors_info=&#8221;{}&#8221;][et_pb_image src=&#8221;https:\/\/sites.niteroi.rj.gov.br\/mes-da-mulher\/wp-content\/uploads\/2026\/02\/LOGO_NIT_POR_ELAS-BRANCO-scaled.png&#8221; title_text=&#8221;LOGO_NIT_POR_ELAS BRANCO&#8221; _builder_version=&#8221;4.24.3&#8243; _module_preset=&#8221;default&#8221; width=&#8221;240px&#8221; global_colors_info=&#8221;{}&#8221;][\/et_pb_image][\/et_pb_column][et_pb_column type=&#8221;1_4&#8243; _builder_version=&#8221;4.24.3&#8243; _module_preset=&#8221;default&#8221; global_colors_info=&#8221;{}&#8221;][et_pb_image src=&#8221;https:\/\/sites.niteroi.rj.gov.br\/mes-da-mulher\/wp-content\/uploads\/2026\/02\/LOGO_EPTC_BRANCO-1.png&#8221; title_text=&#8221;LOGO_EPTC_BRANCO&#8221; _builder_version=&#8221;4.24.3&#8243; _module_preset=&#8221;default&#8221; width=&#8221;200px&#8221; global_colors_info=&#8221;{}&#8221;][\/et_pb_image][\/et_pb_column][et_pb_column type=&#8221;1_4&#8243; _builder_version=&#8221;4.24.3&#8243; _module_preset=&#8221;default&#8221; global_colors_info=&#8221;{}&#8221;][et_pb_icon font_icon=&#8221;&#xe0b1;||divi||400&#8243; icon_color=&#8221;#FFFFFF&#8221; icon_width=&#8221;46px&#8221; url=&#8221;https:\/\/www.instagram.com\/mulheresniteroi&#8221; url_new_window=&#8221;on&#8221; _builder_version=&#8221;4.24.3&#8243; _module_preset=&#8221;default&#8221; global_colors_info=&#8221;{}&#8221;][\/et_pb_icon][\/et_pb_column][\/et_pb_row][\/et_pb_section]<\/p>\n","protected":false},"excerpt":{"rendered":"<p>Agenda 202604 de mar\u00e7o Quarta-feira Amor e autocuidado como pr\u00e1ticas de liberta\u00e7\u00e3o: reflex\u00f5es a partir de bell hooksLocal: Audit\u00f3rio do Caminho NiemeyerHor\u00e1rio: 18h\u00a0 CANOA da SORORIDADE(Restrito)Local: Praia de Itaipu Niter\u00f3iHor\u00e1rio: 07h30 \u00e0s 10h0007 de mar\u00e7o S\u00e1bado Preven\u00e7\u00e3o e Cuidado com o C\u00e2ncer de Mama e de \u00datero (Mar\u00e7o Lil\u00e1s 2026)Local: Unidades MMF das regi\u00f5es Leste [&hellip;]<\/p>\n","protected":false},"author":1,"featured_media":0,"parent":0,"menu_order":0,"comment_status":"closed","ping_status":"closed","template":"page-template-blank.php","meta":{"_et_pb_use_builder":"on","_et_pb_old_content":"","_et_gb_content_width":"","footnotes":""},"class_list":["post-53","page","type-page","status-publish","hentry"],"_links":{"self":[{"href":"https:\/\/sites.niteroi.rj.gov.br\/mes-da-mulher\/index.php\/wp-json\/wp\/v2\/pages\/53","targetHints":{"allow":["GET"]}}],"collection":[{"href":"https:\/\/sites.niteroi.rj.gov.br\/mes-da-mulher\/index.php\/wp-json\/wp\/v2\/pages"}],"about":[{"href":"https:\/\/sites.niteroi.rj.gov.br\/mes-da-mulher\/index.php\/wp-json\/wp\/v2\/types\/page"}],"author":[{"embeddable":true,"href":"https:\/\/sites.niteroi.rj.gov.br\/mes-da-mulher\/index.php\/wp-json\/wp\/v2\/users\/1"}],"replies":[{"embeddable":true,"href":"https:\/\/sites.niteroi.rj.gov.br\/mes-da-mulher\/index.php\/wp-json\/wp\/v2\/comments?post=53"}],"version-history":[{"count":7,"href":"https:\/\/sites.niteroi.rj.gov.br\/mes-da-mulher\/index.php\/wp-json\/wp\/v2\/pages\/53\/revisions"}],"predecessor-version":[{"id":74,"href":"https:\/\/sites.niteroi.rj.gov.br\/mes-da-mulher\/index.php\/wp-json\/wp\/v2\/pages\/53\/revisions\/74"}],"wp:attachment":[{"href":"https:\/\/sites.niteroi.rj.gov.br\/mes-da-mulher\/index.php\/wp-json\/wp\/v2\/media?parent=53"}],"curies":[{"name":"wp","href":"https:\/\/api.w.org\/{rel}","templated":true}]}}